{"id":1098,"date":"2015-10-16T22:41:06","date_gmt":"2015-10-16T21:41:06","guid":{"rendered":"https:\/\/www.ac-am.fr\/?page_id=1098"},"modified":"2015-12-31T12:02:34","modified_gmt":"2015-12-31T11:02:34","slug":"laffaire-lacerta-les-interviews","status":"publish","type":"page","link":"https:\/\/www.ac-am.fr\/index.php\/laffaire-lacerta-les-interviews\/","title":{"rendered":"L&rsquo;affaire Lacerta &#8211; Les interviews&#8230;"},"content":{"rendered":"<table class=\"aligncenter\" style=\"width: 580px;\" border=\"0\">\n<tbody>\n<tr>\n<td>\n<table class=\"aligncenter\" style=\"width: 550px;\" border=\"0\">\n<tbody>\n<tr>\n<td class=\"gmoyen\" style=\"text-align: left; vertical-align: middle;\"><a name=\"Lacerta\"><\/a>L&rsquo;AFFAIRE LACERTA.<\/p>\n<p>&#8211; LES INTERVIEWS&#8230;<\/p>\n<\/td>\n<td style=\"vertical-align: middle;\"><img decoding=\"async\" class=\"alignnone\" src=\"http:\/\/www.ac-am.fr\/wp-content\/uploads\/2015\/10\/pegase.gif\" alt=\"\" border=\"0\" \/><\/td>\n<\/tr>\n<\/tbody>\n<\/table>\n<p><img decoding=\"async\" class=\"aligncenter\" src=\"http:\/\/www.ac-am.fr\/wp-content\/uploads\/2015\/09\/barre_mr.gif\" alt=\"\" border=\"0\" \/><\/p>\n<table class=\"aligncenter\" style=\"width: 240px; border: 2px;\" cellpadding=\"2\">\n<tbody>\n<tr>\n<td class=\"gmoyen\" align=\"center\">Divers \u00c9crits &#8211; 2015<\/td>\n<\/tr>\n<\/tbody>\n<\/table>\n<p><img decoding=\"async\" class=\"aligncenter\" src=\"http:\/\/www.ac-am.fr\/wp-content\/uploads\/2015\/09\/barre_mr.gif\" alt=\"\" border=\"0\" \/><\/p>\n<table class=\"aligncenter\" style=\"width: 550px; border: 0px;\" cellpadding=\"2\">\n<tbody>\n<tr>\n<td class=\"nnormal\" style=\"text-align: left;\" colspan=\"2\"><span style=\"color: #ffffff;\"><u>R\u00e9sum\u00e9<\/u> : <\/span>\u00ab\u00a0Je certifie que le texte suivant est l&rsquo;absolue v\u00e9rit\u00e9 et non une \u0153uvre de fiction. Il s&rsquo;agit d&rsquo;une partie de la transcription d&rsquo;une interview que j&rsquo;ai r\u00e9alis\u00e9e, en d\u00e9cembre 1999, avec un \u00eatre non-humain reptilien femelle, qui \u00e9tait d\u00e9j\u00e0 en contact depuis quelques mois avec un de mes amis (mentionn\u00e9 ci-dessous selon les initiales E.F.)\u00a0\u00bb.<\/p>\n<p> (L&rsquo;interviewer affirme qu&rsquo;auparavant il se consid\u00e9rait comme un sceptique en ce qui concerne les ovnis et les extraterrestres, mais que l&rsquo;entretien r\u00e9alis\u00e9 en Su\u00e8de, pendant trois heures, dans une maison \u00e0 l&rsquo;\u00e9cart, l&rsquo;a convaincu. L&rsquo;entretien ne comporte qu&rsquo;une partie de ce qui a \u00e9t\u00e9 dit, la Reptilienne d\u00e9sirant que certaines informations importantes ne soient pas rendues publiques. L&rsquo;interviewer poss\u00e8de la totalit\u00e9 de la transcription (46 pages) et des dessins faits par lui, repr\u00e9sentant la Reptilienne et son \u00e9quipement, ainsi que la totalit\u00e9 de l&rsquo;enregistrement sur cassettes, mais il ne les communiquera pas sans l&rsquo;autorisation de <a href=\"http:\/\/www.ac-am.fr\/index.php\/2015\/11\/21\/lettre-a-lacerta-comme-une-bouteille-a-la-mer\/\">la Reptilienne<\/a>).<\/p>\n<p> \u00ab\u00a0J&rsquo;ai envoy\u00e9 le pr\u00e9sent r\u00e9sum\u00e9 \u00e0 quatre de mes amis en Finlande, Norv\u00e8ge, Allemagne et France, afin qu&rsquo;ils le traduisent dans leur langue respective et le diffusent. Si vous recevez ce texte, envoyez-le \u00e0 un aussi grand nombre de gens que possible\u00a0\u00bb. (\u2026)<\/p>\n<p> \u00ab\u00a0Je certifie \u00e9galement avoir observ\u00e9 pendant ces trois heures d&rsquo;entretien les facult\u00e9s t\u00e9l\u00e9pathiques et paranormales de la reptilienne &#8211; faire danser un crayon sur la table sans le toucher, maintenir une pomme en l&rsquo;air \u00e0 40cm de sa main &#8211; et je suis absolument s\u00fbr qu&rsquo;il n&rsquo;y avait pas de truc. Il est certainement difficile \u00e0 certaines personnes qui n&rsquo;en ont pas eu l&rsquo;exp\u00e9rience de le comprendre, mais j&rsquo;\u00e9tais r\u00e9ellement en contact avec son esprit et je suis certain que tout ce qu&rsquo;elle a dit dans cette interview est la v\u00e9rit\u00e9\u00a0\u00bb.<\/td>\n<\/tr>\n<tr>\n<td>\u00a0<\/td>\n<\/tr>\n<tr>\n<td class=\"gpetit\" style=\"text-align: left;\"><img decoding=\"async\" src=\"http:\/\/www.ac-am.fr\/wp-content\/uploads\/2015\/09\/fleche.gif\" alt=\"\" border=\"0\" \/><a href=\"http:\/\/www.ac-am.fr\/wp-content\/pdf\/lacerta1.pdf\" target=\"_blank\">[lacerta1.pdf (121Ko)]<\/a> (<img decoding=\"async\" src=\"http:\/\/www.ac-am.fr\/wp-content\/uploads\/2015\/10\/Adobe_PDF_file_icon_32x32.png\" alt=\"\" border=\"0\" \/><span style=\"color: #ffffdd;\">*<\/span>)<\/td>\n<\/tr>\n<tr>\n<td class=\"gpetit\" style=\"text-align: left;\"><img decoding=\"async\" src=\"http:\/\/www.ac-am.fr\/wp-content\/uploads\/2015\/09\/fleche.gif\" alt=\"\" border=\"0\" \/><a href=\"http:\/\/www.ac-am.fr\/wp-content\/pdf\/lacerta2.pdf\" target=\"_blank\">[lacerta2.pdf (102Ko)]<\/a> (<img decoding=\"async\" src=\"http:\/\/www.ac-am.fr\/wp-content\/uploads\/2015\/10\/Adobe_PDF_file_icon_32x32.png\" alt=\"\" border=\"0\" \/><span style=\"color: #ffffdd;\">*<\/span>)<\/td>\n<\/tr>\n<tr>\n<td>\u00a0<\/td>\n<\/tr>\n<tr>\n<td class=\"gpetit\" style=\"text-align: center;\"><span style=\"color: #ffffdd;\">* Cliquez sur <span style=\"color: #aadddd;\">lacerta1.pdf ou lacera2.pdf.<\/span> Vous pourrez ainsi lire ces textes.<\/span><\/td>\n<\/tr>\n<tr>\n<td style=\"text-align: center;\"><img decoding=\"async\" class=\"aligncenter\" src=\"http:\/\/www.ac-am.fr\/wp-content\/uploads\/2015\/10\/barrebis.jpg\" alt=\"\" border=\"0\" \/><\/p>\n<div><script src=\"http:\/\/counter8.allfreecounter.com\/private\/countertab.js?c=cc2992caa3f4994cb98f2a5eabfa5cec\" type=\"text\/javascript\"><\/script><noscript><a href=\"http:\/\/www.compteurdevisite.com\" title=\"compteur de visite pour site\" \/><img decoding=\"async\" src=\"http:\/\/counter8.allfreecounter.com\/private\/compteurdevisite.php?c=cc2992caa3f4994cb98f2a5eabfa5cec\" border=\"0\" title=\"compteur de visite pour site\" alt=\"compteur de visite pour site\" \/><\/noscript><\/div>\n<p><img decoding=\"async\" src=\"http:\/\/www.ac-am.fr\/wp-content\/uploads\/2015\/10\/bullet_t.gif\" alt=\"\" border=\"0\" \/><\/p>\n<\/td>\n<\/tr>\n<\/tbody>\n<\/table>\n<\/td>\n<\/tr>\n<\/tbody>\n<\/table>\n<div style=\"padding-bottom:20px; padding-top:10px;\" class=\"hupso-share-buttons\"><!-- Hupso Share Buttons - https:\/\/www.hupso.com\/share\/ --><a class=\"hupso_toolbar\" href=\"https:\/\/www.hupso.com\/share\/\"><img decoding=\"async\" src=\"https:\/\/static.hupso.com\/share\/buttons\/lang\/fr\/share.png\" style=\"border:0px; padding-top: 5px; float:left;\" alt=\"Share Button\"\/><\/a><script type=\"text\/javascript\">var hupso_services_t=new Array(\"Twitter\",\"Facebook\",\"Google Plus\");var hupso_background_t=\"#EAF4FF\";var hupso_border_t=\"#66CCFF\";var hupso_toolbar_size_t=\"big\";var hupso_image_folder_url = \"\";var hupso_url_t=\"\";var hupso_title_t=\"L%27affaire%20Lacerta%20-%20Les%20interviews...\";<\/script><script type=\"text\/javascript\" src=\"https:\/\/static.hupso.com\/share\/js\/share_toolbar.js\"><\/script><!-- Hupso Share Buttons --><\/div>","protected":false},"excerpt":{"rendered":"<p>L&rsquo;AFFAIRE LACERTA. &#8211; LES INTERVIEWS&#8230; Divers \u00c9crits &#8211; 2015 R\u00e9sum\u00e9 : \u00ab\u00a0Je certifie que le&#8230;<\/p>\n","protected":false},"author":1,"featured_media":0,"parent":0,"menu_order":0,"comment_status":"closed","ping_status":"closed","template":"ecrits.php","meta":{"footnotes":""},"class_list":["post-1098","page","type-page","status-publish","hentry"],"yoast_head":"<!-- This site is optimized with the Yoast SEO plugin v26.9 - https:\/\/yoast.com\/product\/yoast-seo-wordpress\/ -->\n<title>L&#039;affaire Lacerta - Les interviews... - Autre Conscience, Autre Monde<\/title>\n<meta name=\"robots\" content=\"index, follow, max-snippet:-1, max-image-preview:large, max-video-preview:-1\" \/>\n<link rel=\"canonical\" href=\"https:\/\/www.ac-am.fr\/index.php\/laffaire-lacerta-les-interviews\/\" \/>\n<meta property=\"og:locale\" content=\"fr_FR\" \/>\n<meta property=\"og:type\" content=\"article\" \/>\n<meta property=\"og:title\" content=\"L&#039;affaire Lacerta - Les interviews... - Autre Conscience, Autre Monde\" \/>\n<meta property=\"og:description\" content=\"L&rsquo;AFFAIRE LACERTA. &#8211; LES INTERVIEWS&#8230; Divers \u00c9crits &#8211; 2015 R\u00e9sum\u00e9 : \u00ab\u00a0Je certifie que le...\" \/>\n<meta property=\"og:url\" content=\"https:\/\/www.ac-am.fr\/index.php\/laffaire-lacerta-les-interviews\/\" \/>\n<meta property=\"og:site_name\" content=\"Autre Conscience, Autre Monde\" \/>\n<meta property=\"article:publisher\" content=\"https:\/\/fr-fr.facebook.com\/claude.acam\/\" \/>\n<meta property=\"article:modified_time\" content=\"2015-12-31T11:02:34+00:00\" \/>\n<meta property=\"og:image\" content=\"http:\/\/www.ac-am.fr\/wp-content\/uploads\/2015\/10\/pegase.gif\" \/>\n<meta name=\"twitter:card\" content=\"summary_large_image\" \/>\n<meta name=\"twitter:label1\" content=\"Dur\u00e9e de lecture estim\u00e9e\" \/>\n\t<meta name=\"twitter:data1\" content=\"2 minutes\" \/>\n<script type=\"application\/ld+json\" class=\"yoast-schema-graph\">{\"@context\":\"https:\/\/schema.org\",\"@graph\":[{\"@type\":\"WebPage\",\"@id\":\"https:\/\/www.ac-am.fr\/index.php\/laffaire-lacerta-les-interviews\/\",\"url\":\"https:\/\/www.ac-am.fr\/index.php\/laffaire-lacerta-les-interviews\/\",\"name\":\"L'affaire Lacerta - Les interviews... - Autre Conscience, Autre Monde\",\"isPartOf\":{\"@id\":\"https:\/\/www.ac-am.fr\/#website\"},\"primaryImageOfPage\":{\"@id\":\"https:\/\/www.ac-am.fr\/index.php\/laffaire-lacerta-les-interviews\/#primaryimage\"},\"image\":{\"@id\":\"https:\/\/www.ac-am.fr\/index.php\/laffaire-lacerta-les-interviews\/#primaryimage\"},\"thumbnailUrl\":\"http:\/\/www.ac-am.fr\/wp-content\/uploads\/2015\/10\/pegase.gif\",\"datePublished\":\"2015-10-16T21:41:06+00:00\",\"dateModified\":\"2015-12-31T11:02:34+00:00\",\"breadcrumb\":{\"@id\":\"https:\/\/www.ac-am.fr\/index.php\/laffaire-lacerta-les-interviews\/#breadcrumb\"},\"inLanguage\":\"fr-FR\",\"potentialAction\":[{\"@type\":\"ReadAction\",\"target\":[\"https:\/\/www.ac-am.fr\/index.php\/laffaire-lacerta-les-interviews\/\"]}]},{\"@type\":\"ImageObject\",\"inLanguage\":\"fr-FR\",\"@id\":\"https:\/\/www.ac-am.fr\/index.php\/laffaire-lacerta-les-interviews\/#primaryimage\",\"url\":\"https:\/\/www.ac-am.fr\/wp-content\/uploads\/2015\/10\/pegase.gif\",\"contentUrl\":\"https:\/\/www.ac-am.fr\/wp-content\/uploads\/2015\/10\/pegase.gif\",\"width\":150,\"height\":224,\"caption\":\"P\u00e9gase de la petite salle des \u00e9crits\"},{\"@type\":\"BreadcrumbList\",\"@id\":\"https:\/\/www.ac-am.fr\/index.php\/laffaire-lacerta-les-interviews\/#breadcrumb\",\"itemListElement\":[{\"@type\":\"ListItem\",\"position\":1,\"name\":\"Accueil\",\"item\":\"https:\/\/www.ac-am.fr\/\"},{\"@type\":\"ListItem\",\"position\":2,\"name\":\"L&rsquo;affaire Lacerta &#8211; Les interviews&#8230;\"}]},{\"@type\":\"WebSite\",\"@id\":\"https:\/\/www.ac-am.fr\/#website\",\"url\":\"https:\/\/www.ac-am.fr\/\",\"name\":\"Autre Conscience, Autre Monde\",\"description\":\"\",\"publisher\":{\"@id\":\"https:\/\/www.ac-am.fr\/#organization\"},\"potentialAction\":[{\"@type\":\"SearchAction\",\"target\":{\"@type\":\"EntryPoint\",\"urlTemplate\":\"https:\/\/www.ac-am.fr\/?s={search_term_string}\"},\"query-input\":{\"@type\":\"PropertyValueSpecification\",\"valueRequired\":true,\"valueName\":\"search_term_string\"}}],\"inLanguage\":\"fr-FR\"},{\"@type\":\"Organization\",\"@id\":\"https:\/\/www.ac-am.fr\/#organization\",\"name\":\"Autre Conscience, Autre Monde\",\"url\":\"https:\/\/www.ac-am.fr\/\",\"logo\":{\"@type\":\"ImageObject\",\"inLanguage\":\"fr-FR\",\"@id\":\"https:\/\/www.ac-am.fr\/#\/schema\/logo\/image\/\",\"url\":\"https:\/\/www.ac-am.fr\/wp-content\/uploads\/2015\/10\/bd_ac_am.gif\",\"contentUrl\":\"https:\/\/www.ac-am.fr\/wp-content\/uploads\/2015\/10\/bd_ac_am.gif\",\"width\":370,\"height\":65,\"caption\":\"Autre Conscience, Autre Monde\"},\"image\":{\"@id\":\"https:\/\/www.ac-am.fr\/#\/schema\/logo\/image\/\"},\"sameAs\":[\"https:\/\/fr-fr.facebook.com\/claude.acam\/\",\"https:\/\/www.youtube.com\/user\/consciencemonde\"]}]}<\/script>\n<!-- \/ Yoast SEO plugin. -->","yoast_head_json":{"title":"L'affaire Lacerta - Les interviews... - Autre Conscience, Autre Monde","robots":{"index":"index","follow":"follow","max-snippet":"max-snippet:-1","max-image-preview":"max-image-preview:large","max-video-preview":"max-video-preview:-1"},"canonical":"https:\/\/www.ac-am.fr\/index.php\/laffaire-lacerta-les-interviews\/","og_locale":"fr_FR","og_type":"article","og_title":"L'affaire Lacerta - Les interviews... - Autre Conscience, Autre Monde","og_description":"L&rsquo;AFFAIRE LACERTA. &#8211; LES INTERVIEWS&#8230; Divers \u00c9crits &#8211; 2015 R\u00e9sum\u00e9 : \u00ab\u00a0Je certifie que le...","og_url":"https:\/\/www.ac-am.fr\/index.php\/laffaire-lacerta-les-interviews\/","og_site_name":"Autre Conscience, Autre Monde","article_publisher":"https:\/\/fr-fr.facebook.com\/claude.acam\/","article_modified_time":"2015-12-31T11:02:34+00:00","og_image":[{"url":"http:\/\/www.ac-am.fr\/wp-content\/uploads\/2015\/10\/pegase.gif","type":"","width":"","height":""}],"twitter_card":"summary_large_image","twitter_misc":{"Dur\u00e9e de lecture estim\u00e9e":"2 minutes"},"schema":{"@context":"https:\/\/schema.org","@graph":[{"@type":"WebPage","@id":"https:\/\/www.ac-am.fr\/index.php\/laffaire-lacerta-les-interviews\/","url":"https:\/\/www.ac-am.fr\/index.php\/laffaire-lacerta-les-interviews\/","name":"L'affaire Lacerta - Les interviews... - Autre Conscience, Autre Monde","isPartOf":{"@id":"https:\/\/www.ac-am.fr\/#website"},"primaryImageOfPage":{"@id":"https:\/\/www.ac-am.fr\/index.php\/laffaire-lacerta-les-interviews\/#primaryimage"},"image":{"@id":"https:\/\/www.ac-am.fr\/index.php\/laffaire-lacerta-les-interviews\/#primaryimage"},"thumbnailUrl":"http:\/\/www.ac-am.fr\/wp-content\/uploads\/2015\/10\/pegase.gif","datePublished":"2015-10-16T21:41:06+00:00","dateModified":"2015-12-31T11:02:34+00:00","breadcrumb":{"@id":"https:\/\/www.ac-am.fr\/index.php\/laffaire-lacerta-les-interviews\/#breadcrumb"},"inLanguage":"fr-FR","potentialAction":[{"@type":"ReadAction","target":["https:\/\/www.ac-am.fr\/index.php\/laffaire-lacerta-les-interviews\/"]}]},{"@type":"ImageObject","inLanguage":"fr-FR","@id":"https:\/\/www.ac-am.fr\/index.php\/laffaire-lacerta-les-interviews\/#primaryimage","url":"https:\/\/www.ac-am.fr\/wp-content\/uploads\/2015\/10\/pegase.gif","contentUrl":"https:\/\/www.ac-am.fr\/wp-content\/uploads\/2015\/10\/pegase.gif","width":150,"height":224,"caption":"P\u00e9gase de la petite salle des \u00e9crits"},{"@type":"BreadcrumbList","@id":"https:\/\/www.ac-am.fr\/index.php\/laffaire-lacerta-les-interviews\/#breadcrumb","itemListElement":[{"@type":"ListItem","position":1,"name":"Accueil","item":"https:\/\/www.ac-am.fr\/"},{"@type":"ListItem","position":2,"name":"L&rsquo;affaire Lacerta &#8211; Les interviews&#8230;"}]},{"@type":"WebSite","@id":"https:\/\/www.ac-am.fr\/#website","url":"https:\/\/www.ac-am.fr\/","name":"Autre Conscience, Autre Monde","description":"","publisher":{"@id":"https:\/\/www.ac-am.fr\/#organization"},"potentialAction":[{"@type":"SearchAction","target":{"@type":"EntryPoint","urlTemplate":"https:\/\/www.ac-am.fr\/?s={search_term_string}"},"query-input":{"@type":"PropertyValueSpecification","valueRequired":true,"valueName":"search_term_string"}}],"inLanguage":"fr-FR"},{"@type":"Organization","@id":"https:\/\/www.ac-am.fr\/#organization","name":"Autre Conscience, Autre Monde","url":"https:\/\/www.ac-am.fr\/","logo":{"@type":"ImageObject","inLanguage":"fr-FR","@id":"https:\/\/www.ac-am.fr\/#\/schema\/logo\/image\/","url":"https:\/\/www.ac-am.fr\/wp-content\/uploads\/2015\/10\/bd_ac_am.gif","contentUrl":"https:\/\/www.ac-am.fr\/wp-content\/uploads\/2015\/10\/bd_ac_am.gif","width":370,"height":65,"caption":"Autre Conscience, Autre Monde"},"image":{"@id":"https:\/\/www.ac-am.fr\/#\/schema\/logo\/image\/"},"sameAs":["https:\/\/fr-fr.facebook.com\/claude.acam\/","https:\/\/www.youtube.com\/user\/consciencemonde"]}]}},"_links":{"self":[{"href":"https:\/\/www.ac-am.fr\/index.php\/wp-json\/wp\/v2\/pages\/1098","targetHints":{"allow":["GET"]}}],"collection":[{"href":"https:\/\/www.ac-am.fr\/index.php\/wp-json\/wp\/v2\/pages"}],"about":[{"href":"https:\/\/www.ac-am.fr\/index.php\/wp-json\/wp\/v2\/types\/page"}],"author":[{"embeddable":true,"href":"https:\/\/www.ac-am.fr\/index.php\/wp-json\/wp\/v2\/users\/1"}],"replies":[{"embeddable":true,"href":"https:\/\/www.ac-am.fr\/index.php\/wp-json\/wp\/v2\/comments?post=1098"}],"version-history":[{"count":21,"href":"https:\/\/www.ac-am.fr\/index.php\/wp-json\/wp\/v2\/pages\/1098\/revisions"}],"predecessor-version":[{"id":1976,"href":"https:\/\/www.ac-am.fr\/index.php\/wp-json\/wp\/v2\/pages\/1098\/revisions\/1976"}],"wp:attachment":[{"href":"https:\/\/www.ac-am.fr\/index.php\/wp-json\/wp\/v2\/media?parent=1098"}],"curies":[{"name":"wp","href":"https:\/\/api.w.org\/{rel}","templated":true}]}}