{"id":129,"date":"2015-09-18T16:52:07","date_gmt":"2015-09-18T15:52:07","guid":{"rendered":"https:\/\/www.ac-am.fr\/?page_id=129"},"modified":"2026-01-22T19:38:10","modified_gmt":"2026-01-22T18:38:10","slug":"temoignages","status":"publish","type":"page","link":"https:\/\/www.ac-am.fr\/index.php\/temoignages\/","title":{"rendered":"TEMOIGNAGES"},"content":{"rendered":"<div style=\"background-image: url('\/wp-content\/uploads\/2026\/01\/fond_uvs2.jpg'); background-attachment: fixed; border: 2px solid #000000; border-radius: 20px; opacity: 0.90;\">\n\n\n<div class=\"wp-block-group is-content-justification-center is-nowrap is-layout-flex wp-container-core-group-is-layout-23441af8 wp-block-group-is-layout-flex\">\n<figure class=\"wp-block-image size-full\"><a href=\"https:\/\/www.ac-am.fr\/wp-content\/uploads\/2015\/09\/titre01.gif\"><img loading=\"lazy\" decoding=\"async\" width=\"506\" height=\"106\" src=\"https:\/\/www.ac-am.fr\/wp-content\/uploads\/2015\/09\/titre01.gif\" alt=\"Titre Autre Conscience, Autre Monde\" class=\"wp-image-138\"\/><\/a><\/figure>\n\n\n\n<figure class=\"wp-block-image size-full\"><a href=\"https:\/\/www.ac-am.fr\/wp-content\/uploads\/2015\/09\/maj1.gif\"><img loading=\"lazy\" decoding=\"async\" width=\"107\" height=\"65\" src=\"https:\/\/www.ac-am.fr\/wp-content\/uploads\/2015\/09\/maj1.gif\" alt=\"Mise \u00e0 jour\" class=\"wp-image-140\"\/><\/a><\/figure>\n<\/div>\n\n\n\n<figure class=\"wp-block-image aligncenter is-resized\"><img decoding=\"async\" src=\"https:\/\/www.ac-am.fr\/wp-content\/uploads\/2015\/09\/barrebis.jpg\" alt=\"Double barre argent\u00e9e\" style=\"width:550px\"\/><\/figure>\n\n\n\n<h2 class=\"wp-block-heading\" style=\"padding-left:50px\">&#8211; R\u00e9flexion sur le Web<\/h2>\n\n\n\n<figure class=\"wp-block-image aligncenter\"><img decoding=\"async\" src=\"https:\/\/www.ac-am.fr\/wp-content\/uploads\/2015\/09\/barrebis.jpg\" alt=\"Double barre argent\u00e9e\"\/><\/figure>\n\n\n\n<p class=\"has-text-color has-link-color wp-elements-daac62e6ed471f487459e60d3d56400a\" style=\"color:#1c1cf6;padding-right:0px;padding-left:50px\"><img decoding=\"async\" src=\"https:\/\/www.ac-am.fr\/wp-content\/uploads\/2015\/09\/ball01.gif\" alt=\"\"> Ce site est une modeste invitation \u00e0 parcourir ensemble le chemin de la r\u00e9flexion\u2026 Qui ne s&rsquo;est pas pos\u00e9 des questions sur sa vie pass\u00e9e, pr\u00e9sente et \u00e0 venir, face \u00e0 <a href=\"https:\/\/www.ac-am.fr\/index.php\/lhomme-face-a-sa-mort\/\">la mort<\/a>, face \u00e0 la connaissance, face aux exp\u00e9riences qui sont en g\u00e9n\u00e9rale li\u00e9es \u00e0 notre comportement et \u00e0 un but pr\u00e9cis \u00e0 atteindre\u2026<\/p>\n\n\n\n<p style=\"padding-left:50px\">Tout \u00e0 chacun pourra laisser son t\u00e9moignage sur des faits \u00e9tranges et \u00e9tonnants qui se sont d\u00e9roul\u00e9s dans leur vie\u2026 Permettant ainsi \u00e0 d&rsquo;autres personnes de comprendre et d&rsquo;\u00e9largir leur champ de Conscience\u2026<\/p>\n\n\n\n<p style=\"padding-left:50px\">Nos cinq sens nous limitent \u00e0 un Monde conventionnel mais il y a plus\u2026 et ce \u00ab\u00a0plus\u00a0\u00bb \u00e9chappe \u00e0 la majorit\u00e9 des humains que nous sommes\u2026 Pourtant, parfois, il frappe au d\u00e9triment de toute logique et met \u00e0 mal tout ce que l&rsquo;on nous a enseign\u00e9.<\/p>\n\n\n\n<p style=\"padding-left:50px\">Aussi, je vous donne rendez-vous sur ce site pour aborder diff\u00e9rents th\u00e8mes qui sont en cours de r\u00e9alisation&#8230; La rubrique <a href=\"https:\/\/www.ac-am.fr\/index.php\/contact-acam\/\">Contact<\/a> vous permettra, si vous le d\u00e9sirez, de faire publier vos textes&#8230; En cliquant sur la bo\u00eete aux lettres vous pourrez \u00e9galement envoyer vos r\u00e9flexions sur la mort, les religions, la connaissance, <a href=\"https:\/\/www.ac-am.fr\/index.php\/lhomme-face-a-sa-vie-extraterrestre\/\">la vie extraterrestre<\/a>, la r\u00e9incarnation, <a href=\"https:\/\/www.ac-am.fr\/index.php\/lhomme-face-a-ses-pouvoirs-caches\/\">les pouvoirs cach\u00e9s de l&rsquo;homme<\/a>, l&rsquo;Univers, la Force Cr\u00e9atrice, <a href=\"https:\/\/www.ac-am.fr\/index.php\/lhomme-face-aux-inities\/\">les Initi\u00e9s<\/a>&#8230;<\/p>\n\n\n\n<p class=\"has-text-color has-link-color wp-elements-745b366a4193cba7b537b9dac0d05f05\" style=\"color:#510c91;padding-left:50px\"><img decoding=\"async\" src=\"https:\/\/www.ac-am.fr\/wp-content\/uploads\/2015\/09\/ball01.gif\" alt=\"\"> Certaines personnes m&rsquo;ont demand\u00e9 si j&rsquo;appartenais \u00e0 un mouvement quelconque, \u00e0 une secte (c&rsquo;est \u00e0 la mode) \u2026 Eh ! bien, non\u2026 Tout cela est une d\u00e9marche personnelle\u2026 En toute libert\u00e9 car le d\u00e9veloppement int\u00e9rieur est li\u00e9 \u00e0 ses propres exp\u00e9riences\u2026 et \u00e0 la vie de tous les jours\u2026<\/p>\n\n\n\n<p style=\"padding-left:50px\"><em>[<a href=\"https:\/\/www.ac-am.fr\/index.php\/contact-acam\/\">Claude B. le 12-05-96<\/a>]<\/em><\/p>\n\n\n\n<figure class=\"wp-block-image aligncenter size-full\"><a href=\"https:\/\/www.ac-am.fr\/wp-content\/uploads\/2015\/10\/separat.gif\"><img loading=\"lazy\" decoding=\"async\" width=\"376\" height=\"43\" src=\"https:\/\/www.ac-am.fr\/wp-content\/uploads\/2015\/10\/separat.gif\" alt=\"S\u00e9parateur marron\" class=\"wp-image-904\"\/><\/a><\/figure>\n\n\n\n<h3 class=\"wp-block-heading\" style=\"padding-left:50px\">Critiques constructives\u2026<\/h3>\n\n\n\n<p style=\"padding-left:50px\"><img decoding=\"async\" src=\"https:\/\/www.ac-am.fr\/wp-content\/uploads\/2015\/09\/ball01.gif\" alt=\"\"> Salut! Ce site a beaucoup de potentiel, ne l\u00e2che pas. Mon commentaire est \u00e0 propos des articles, \u00e7a me parait tr\u00e8s int\u00e9ressant. Merci !<\/p>\n\n\n\n<p style=\"padding-left:50px\"><em><strong>[Jean G. le 12-05-96]<\/strong><\/em><\/p>\n\n\n\n<figure class=\"wp-block-image aligncenter size-full\"><a href=\"https:\/\/www.ac-am.fr\/wp-content\/uploads\/2015\/10\/separat.gif\"><img loading=\"lazy\" decoding=\"async\" width=\"376\" height=\"43\" src=\"https:\/\/www.ac-am.fr\/wp-content\/uploads\/2015\/10\/separat.gif\" alt=\"S\u00e9parateur marron\" class=\"wp-image-904\"\/><\/a><\/figure>\n\n\n\n<h3 class=\"wp-block-heading\" style=\"padding-left:50px\">Le pluriel pour : Autre Conscience, Autre Monde<\/h3>\n\n\n\n<p style=\"padding-left:50px\"><img decoding=\"async\" src=\"https:\/\/www.ac-am.fr\/wp-content\/uploads\/2015\/09\/ball01.gif\" alt=\"\"> Je m&rsquo;interroge sur le singulier, de votre titre. Je pense pour ma part, qu&rsquo;il existe autant de mondes et de consciences, qu&rsquo;il existe de personnes sur cette terre. Le pluriel serait donc plus juste. La v\u00e9rit\u00e9 n&rsquo;est pas unique, elle est somme de toutes les v\u00e9rit\u00e9s, de toutes les religions, de toutes les sexualit\u00e9s, de toutes les pens\u00e9es, etc&#8230; Cela demande la responsabilit\u00e9 totale de la personne face \u00e0 elle-m\u00eame et aux autres.<\/p>\n\n\n\n<p style=\"padding-left:50px\"><em><strong>[Christophe C. le 07-06-96]<\/strong><\/em><\/p>\n\n\n\n<figure class=\"wp-block-image aligncenter size-full\"><a href=\"https:\/\/www.ac-am.fr\/wp-content\/uploads\/2015\/10\/separat.gif\"><img loading=\"lazy\" decoding=\"async\" width=\"376\" height=\"43\" src=\"https:\/\/www.ac-am.fr\/wp-content\/uploads\/2015\/10\/separat.gif\" alt=\"S\u00e9parateur marron\" class=\"wp-image-904\"\/><\/a><\/figure>\n\n\n\n<h3 class=\"wp-block-heading\" style=\"padding-left:50px\">Pourquoi, le singulier ? &#8211; r\u00e9ponse \u00e0 Christophe C.<\/h3>\n\n\n\n<p style=\"padding-left:50px\"><img decoding=\"async\" src=\"https:\/\/www.ac-am.fr\/wp-content\/uploads\/2015\/09\/ball01.gif\" alt=\"\"> Je parle du champ de conscience d&rsquo;un individu \u00e0 un moment pr\u00e9cis o\u00f9 il s&rsquo;ouvre sur un plan parall\u00e8le au notre. A ce moment pr\u00e9cis, cette ouverture cr\u00e9e une vision diff\u00e9rente du monde qui nous entoure, elle est unique. Le champ de conscience se d\u00e9place encore, la vision, la perception du monde sera encore diff\u00e9rente. Il est vrai que chaque personne aura ses propres exp\u00e9riences et ne les vivra qu&rsquo;en fonction de son v\u00e9cu&#8230; mais ce sera son monde et pas celui de son voisin, d&rsquo;o\u00f9 le singulier de mon titre&#8230; Il est \u00e9galement vrai que la v\u00e9rit\u00e9 n&rsquo;est pas unique. Suivant la vision de chacun, elle appara\u00eet diff\u00e9rente et pourtant elle provient de la m\u00eame source. Toutes les religions ont la m\u00eame source, toutes les sexualit\u00e9s ont la m\u00eame source, toutes les pens\u00e9es ont la m\u00eame source&#8230; Cette Source unique contient d\u00e9j\u00e0 tout&#8230; mais l&rsquo;homme est-il capable de la traduire, je ne pense pas&#8230; Vous parlez de la responsabilit\u00e9 totale de la personne face \u00e0 elle-m\u00eame et face aux autres &#8211; Voil\u00e0, une v\u00e9rit\u00e9 qui est tr\u00e8s peu appliqu\u00e9e dans notre monde. L&rsquo;homme cherche toujours ailleurs un responsable pour ses propres actes&#8230; Probl\u00e8me de soci\u00e9t\u00e9, les dirigeants sont responsables&#8230; Il ne lui vient pas \u00e0 l&rsquo;esprit que son comportement influence son environnement et qu&rsquo;il existe dans l&rsquo;univers une loi inexorable appel\u00e9e \u00ab\u00a0la loi de cause \u00e0 effet\u00a0\u00bb&#8230; On parle souvent des effets mais tr\u00e8s rarement de la cause. Rien n&rsquo;est gratuit. Cette m\u00e9connaissance et cette peur de d\u00e9couvrir un monde plus vaste affole notre mental et nous entra\u00eene vers des comportements en d\u00e9saccord avec notre v\u00e9ritable place sur cette plan\u00e8te&#8230;<\/p>\n\n\n\n<p style=\"padding-left:50px\"><em><strong>[Claude B. le 21-06-96]<\/strong><\/em><\/p>\n\n\n\n<figure class=\"wp-block-image aligncenter size-full\"><a href=\"https:\/\/www.ac-am.fr\/wp-content\/uploads\/2015\/10\/separat.gif\"><img loading=\"lazy\" decoding=\"async\" width=\"376\" height=\"43\" src=\"https:\/\/www.ac-am.fr\/wp-content\/uploads\/2015\/10\/separat.gif\" alt=\"S\u00e9parateur marron\" class=\"wp-image-904\"\/><\/a><\/figure>\n\n\n\n<h3 class=\"wp-block-heading\" style=\"padding-left:50px\">Encouragements<\/h3>\n\n\n\n<p style=\"padding-left:50px\"><img decoding=\"async\" src=\"https:\/\/www.ac-am.fr\/wp-content\/uploads\/2015\/09\/ball01.gif\" alt=\"\"> L&rsquo;internet pour r\u00e9fl\u00e9chir ; bonne application, et courageuse&#8230; Continuez&#8230;<\/p>\n\n\n\n<p style=\"padding-left:50px\"><em><strong>[Akhinaton. le 04-11-96]<\/strong><\/em><\/p>\n\n\n\n<figure class=\"wp-block-image aligncenter size-full\"><a href=\"https:\/\/www.ac-am.fr\/wp-content\/uploads\/2015\/10\/separat.gif\"><img loading=\"lazy\" decoding=\"async\" width=\"376\" height=\"43\" src=\"https:\/\/www.ac-am.fr\/wp-content\/uploads\/2015\/10\/separat.gif\" alt=\"S\u00e9parateur marron\" class=\"wp-image-904\"\/><\/a><\/figure>\n\n\n\n<h3 class=\"wp-block-heading\" style=\"padding-left:50px\">Encouragements bis<\/h3>\n\n\n\n<p style=\"padding-left:50px\"><img decoding=\"async\" src=\"https:\/\/www.ac-am.fr\/wp-content\/uploads\/2015\/09\/ball01.gif\" alt=\"\"> Toutes mes plus sinc\u00e8res f\u00e9licitations pour votre site ! Je le trouve bien fait et int\u00e9ressant : \u00e0 mon avis, votre id\u00e9e offre un excellent potentiel ! Merci de me l&rsquo;avoir fait conna\u00eetre&#8230;<\/p>\n\n\n\n<p style=\"padding-left:50px\"><em><strong>[Daniel B. le 08-12-96]<\/strong><\/em><\/p>\n\n\n\n<figure class=\"wp-block-image aligncenter size-full\"><a href=\"https:\/\/www.ac-am.fr\/wp-content\/uploads\/2015\/10\/separat.gif\"><img loading=\"lazy\" decoding=\"async\" width=\"376\" height=\"43\" src=\"https:\/\/www.ac-am.fr\/wp-content\/uploads\/2015\/10\/separat.gif\" alt=\"S\u00e9parateur marron\" class=\"wp-image-904\"\/><\/a><\/figure>\n\n\n\n<h3 class=\"wp-block-heading\" style=\"padding-left:50px\">Un petit Salut&#8230;<\/h3>\n\n\n\n<p style=\"padding-left:50px\"><img decoding=\"async\" src=\"https:\/\/www.ac-am.fr\/wp-content\/uploads\/2015\/09\/ball01.gif\" alt=\"\"> Salut, Juste pour te dire que ton site est tr\u00e8s int\u00e9ressant et bien con\u00e7u visuellement&#8230;<\/p>\n\n\n\n<p style=\"padding-left:50px\"><em><strong>[Patrick G. le 30-04-97]<\/strong><\/em><\/p>\n\n\n\n<figure class=\"wp-block-image aligncenter size-full\"><a href=\"https:\/\/www.ac-am.fr\/wp-content\/uploads\/2015\/10\/separat.gif\"><img loading=\"lazy\" decoding=\"async\" width=\"376\" height=\"43\" src=\"https:\/\/www.ac-am.fr\/wp-content\/uploads\/2015\/10\/separat.gif\" alt=\"S\u00e9parateur marron\" class=\"wp-image-904\"\/><\/a><\/figure>\n\n\n\n<h3 class=\"wp-block-heading\" style=\"padding-left:50px\">F\u00e9licitations&#8230;<\/h3>\n\n\n\n<p style=\"padding-left:50px\"><img decoding=\"async\" src=\"https:\/\/www.ac-am.fr\/wp-content\/uploads\/2015\/09\/ball01.gif\" alt=\"\"> Un petit mot pour vous f\u00e9liciter de la qualit\u00e9 de votre site, dont la pr\u00e9sentation est r\u00e9ellement tr\u00e8s professionnelle! J&rsquo;ai signal\u00e9 votre site sur \/homepages\/ASTERIA car je le trouve tr\u00e8s bien con\u00e7u.<\/p>\n\n\n\n<p style=\"padding-left:50px\"><em><strong>[Christophe de C. le 01-07-97]<\/strong><\/em><\/p>\n\n\n\n<figure class=\"wp-block-image aligncenter size-full\"><a href=\"https:\/\/www.ac-am.fr\/wp-content\/uploads\/2015\/10\/separat.gif\"><img loading=\"lazy\" decoding=\"async\" width=\"376\" height=\"43\" src=\"https:\/\/www.ac-am.fr\/wp-content\/uploads\/2015\/10\/separat.gif\" alt=\"S\u00e9parateur marron\" class=\"wp-image-904\"\/><\/a><\/figure>\n\n\n\n<h3 class=\"wp-block-heading\" style=\"padding-left:50px\">\u00c9pingl\u00e9 pour des fautes d&rsquo;orthographes&#8230;<\/h3>\n\n\n\n<p style=\"padding-left:50px\"><img decoding=\"async\" src=\"https:\/\/www.ac-am.fr\/wp-content\/uploads\/2015\/09\/ball01.gif\" alt=\"\"> Dans les palmar\u00e8s de la semaine de Cortexte : https:\/\/www.cortexte.com &#8211; Votre site, je tiens \u00e0 le pr\u00e9ciser ici, fait partie des moins bons, et non des pires : une bonne r\u00e9vision et vous revoil\u00e0 dans la course!<\/p>\n\n\n\n<p style=\"padding-left:50px\"><em><strong>[Fran\u00e7ois Hubert le 07-08-97]<\/strong><\/em><\/p>\n\n\n\n<figure class=\"wp-block-image aligncenter size-full\"><a href=\"https:\/\/www.ac-am.fr\/wp-content\/uploads\/2015\/10\/separat.gif\"><img loading=\"lazy\" decoding=\"async\" width=\"376\" height=\"43\" src=\"https:\/\/www.ac-am.fr\/wp-content\/uploads\/2015\/10\/separat.gif\" alt=\"S\u00e9parateur marron\" class=\"wp-image-904\"\/><\/a><\/figure>\n\n\n\n<h3 class=\"wp-block-heading\" style=\"padding-left:50px\">Lien sacr\u00e9 ?<\/h3>\n\n\n\n<p style=\"padding-left:50px\"><img decoding=\"async\" src=\"https:\/\/www.ac-am.fr\/wp-content\/uploads\/2015\/09\/ball01.gif\" alt=\"\"> J&rsquo;ai placer un lien de ton site sur ma page web et trouve ton site tr\u00e8s tr\u00e8s int\u00e9ressant&#8230;<\/p>\n\n\n\n<p style=\"padding-left:50px\"><em><strong>[Mario M. le 08-09-97]<\/strong><\/em><\/p>\n\n\n\n<figure class=\"wp-block-image aligncenter size-full\"><a href=\"https:\/\/www.ac-am.fr\/wp-content\/uploads\/2015\/10\/separat.gif\"><img loading=\"lazy\" decoding=\"async\" width=\"376\" height=\"43\" src=\"https:\/\/www.ac-am.fr\/wp-content\/uploads\/2015\/10\/separat.gif\" alt=\"S\u00e9parateur marron\" class=\"wp-image-904\"\/><\/a><\/figure>\n\n\n\n<h3 class=\"wp-block-heading\" style=\"padding-left:50px\">Mention sp\u00e9ciale&#8230;<\/h3>\n\n\n\n<p style=\"padding-left:50px\"><img decoding=\"async\" src=\"https:\/\/www.ac-am.fr\/wp-content\/uploads\/2015\/09\/ball01.gif\" alt=\"\"> Merci pour votre r\u00e9ceptivit\u00e9 \u00e0 nos suggestions de corrections. Vous avez m\u00e9rit\u00e9 une mention!<\/p>\n\n\n\n<p style=\"padding-left:50px\"><em><strong>[Fran\u00e7ois Hubert le 09-09-97]<\/strong><\/em><\/p>\n\n\n\n<figure class=\"wp-block-image aligncenter size-full\"><a href=\"https:\/\/www.ac-am.fr\/wp-content\/uploads\/2015\/10\/separat.gif\"><img loading=\"lazy\" decoding=\"async\" width=\"376\" height=\"43\" src=\"https:\/\/www.ac-am.fr\/wp-content\/uploads\/2015\/10\/separat.gif\" alt=\"S\u00e9parateur marron\" class=\"wp-image-904\"\/><\/a><\/figure>\n\n\n\n<h3 class=\"wp-block-heading\" style=\"padding-left:50px\">Sur c\u00e9d\u00e9rom&#8230;<\/h3>\n\n\n\n<p style=\"padding-left:50px\"><img decoding=\"async\" src=\"https:\/\/www.ac-am.fr\/wp-content\/uploads\/2015\/09\/ball01.gif\" alt=\"\"> Sous l&rsquo;intitul\u00e9 Entraide R\u00e9seau, nous sommes un groupe de Chr\u00e9tiens en France, Belgique et Suisse, qui r\u00e9fl\u00e9chissons depuis quelques ann\u00e9es sur la mani\u00e8re de parler de Dieu au moyen de l&rsquo;informatique et du multim\u00e9dia. Plusieurs d&rsquo;entre nous ont ou sont en train de r\u00e9aliser des programmes allant dans ce sens. Depuis quelques mois nous avons cr\u00e9\u00e9 un site Web pour partager notre r\u00e9flexion avec un plus grand nombre. Il nous est apparu int\u00e9ressant de lister de la fa\u00e7on la plus exhaustive possible les sites francophones \u00e0 caract\u00e8re spirituel ou religieux. C&rsquo;est \u00e0 ce titre que vous pouvez trouver sur notre site les r\u00e9f\u00e9rences au v\u00f4tre. Conscient que tout le monde, et notamment en France, m\u00eame \u00e9quip\u00e9 d&rsquo;un ordinateur, n&rsquo;est pas connect\u00e9 \u00e0 Internet, nous avons eu l&rsquo;id\u00e9e de proposer cette rubrique sous la forme d&rsquo;un c\u00e9d\u00e9rom. Ainsi, \u00e0 titre d&rsquo;initiation, un plus grand nombre de personnes pourrait d\u00e9couvrir l&rsquo;int\u00e9r\u00eat d&rsquo;Internet sur le plan religieux et consulter \u00a0\u00bb off line \u00a0\u00bb les sites s\u00e9lectionn\u00e9s. Dans un premier temps ce c\u00e9d\u00e9rom serait propos\u00e9 aux membres d&rsquo;Entraide-R\u00e9seau et \u00e0 leur champ relationnel. Dans un deuxi\u00e8me temps peut-\u00eatre on pourrait envisager une distribution par le canal d&rsquo;un \u00e9diteur religieux. Dans un premier temps, il ne s&rsquo;agit donc que d&rsquo;un tirage limit\u00e9 sans but lucratif et r\u00e9alis\u00e9 d&rsquo;une fa\u00e7on artisanale. Nous pensons que la pr\u00e9sence de votre site sur ce c\u00e9d\u00e9rom ne nuirait en rien \u00e0 celui-ci puisqu&rsquo;il ne repr\u00e9senterait qu&rsquo;une instantan\u00e9e \u00e0 un moment donn\u00e9 (Sur le CD sera fait mention de votre copyright). Par contre il pourrait inviter plus d&rsquo;un \u00e0 y revenir \u00a0\u00bb on line \u00a0\u00bb pour une consultation plus actualis\u00e9e. Par ce message, nous sollicitons donc votre autorisation de reproduire tout ou partie de votre site sur notre c\u00e9d\u00e9rom de d\u00e9couverte et d&rsquo;initiation. Dans l&rsquo;attente de votre r\u00e9ponse, l&rsquo;\u00e9quipe d&rsquo;Entraide R\u00e9seau souhaite \u00e0 votre site de prosp\u00e9rer et d&rsquo;atteindre un large public.<\/p>\n\n\n\n<p style=\"padding-left:50px\"><em><strong>[Andr\u00e9 Linck le 09-09-97]<\/strong><\/em><\/p>\n\n\n\n<figure class=\"wp-block-image aligncenter size-full\"><a href=\"https:\/\/www.ac-am.fr\/wp-content\/uploads\/2015\/10\/separat.gif\"><img loading=\"lazy\" decoding=\"async\" width=\"376\" height=\"43\" src=\"https:\/\/www.ac-am.fr\/wp-content\/uploads\/2015\/10\/separat.gif\" alt=\"S\u00e9parateur marron\" class=\"wp-image-904\"\/><\/a><\/figure>\n\n\n\n<h3 class=\"wp-block-heading\" style=\"padding-left:50px\">Un bravo !&#8230;<\/h3>\n\n\n\n<p style=\"padding-left:50px\"><img decoding=\"async\" src=\"https:\/\/www.ac-am.fr\/wp-content\/uploads\/2015\/09\/ball01.gif\" alt=\"\"> Bravo pour la qualit\u00e9 graphique de votre site. J&rsquo;ai vu l&#8217;emballage, mais je n&rsquo;ai pas encore eu le temps de regarder attentivement le contenu. Cela ne saurait tarder.<\/p>\n\n\n\n<p style=\"padding-left:50px\"><em><strong>[Adelin R. le 12-09-97]<\/strong><\/em><\/p>\n\n\n\n<figure class=\"wp-block-image aligncenter size-full\"><a href=\"https:\/\/www.ac-am.fr\/wp-content\/uploads\/2015\/10\/separat.gif\"><img loading=\"lazy\" decoding=\"async\" width=\"376\" height=\"43\" src=\"https:\/\/www.ac-am.fr\/wp-content\/uploads\/2015\/10\/separat.gif\" alt=\"S\u00e9parateur marron\" class=\"wp-image-904\"\/><\/a><\/figure>\n\n\n\n<h3 class=\"wp-block-heading\" style=\"padding-left:50px\">Manque de t\u00e9moignages !&#8230;<\/h3>\n\n\n\n<p style=\"padding-left:50px\"><img decoding=\"async\" src=\"https:\/\/www.ac-am.fr\/wp-content\/uploads\/2015\/09\/ball01.gif\" alt=\"\"> Un seul petit reproche j&rsquo;ai trouv\u00e9 peu de t\u00e9moignages. Mais un compliment sinc\u00e8re : c&rsquo;est un site superbe et tr\u00e8s riche en informations.<\/p>\n\n\n\n<p style=\"padding-left:50px\"><em><strong>[Jean-Pierre B. le 30-09-97]<\/strong><\/em><\/p>\n\n\n\n<figure class=\"wp-block-image aligncenter size-full\"><a href=\"https:\/\/www.ac-am.fr\/wp-content\/uploads\/2015\/10\/separat.gif\"><img loading=\"lazy\" decoding=\"async\" width=\"376\" height=\"43\" src=\"https:\/\/www.ac-am.fr\/wp-content\/uploads\/2015\/10\/separat.gif\" alt=\"S\u00e9parateur marron\" class=\"wp-image-904\"\/><\/a><\/figure>\n\n\n\n<h3 class=\"wp-block-heading\" style=\"padding-left:50px\">\u00ab\u00a0Les Mondes Parall\u00e8les\u00a0\u00bb&#8230;<\/h3>\n\n\n\n<p style=\"padding-left:50px\"><img decoding=\"async\" src=\"https:\/\/www.ac-am.fr\/wp-content\/uploads\/2015\/09\/ball01.gif\" alt=\"\"> J&rsquo;ai le plaisir de vous faire savoir que votre site sera cit\u00e9 dans le prochain num\u00e9ro (5) du magazine \u00ab\u00a0Les Mondes Parall\u00e8les\u00a0\u00bb qui sort en kiosque d\u00e9but Novembre. J&rsquo;y tiens la rubrique \u00ab\u00a0Internet\u00a0\u00bb. Comme j&rsquo;avais beaucoup appr\u00e9ci\u00e9 votre site, je n&rsquo;ai pu m&#8217;emp\u00eacher de le faire savoir aux lecteurs. Il s&rsquo;agit d&rsquo;un magazine ayant trait \u00e0 la spiritualit\u00e9 et \u00e0 l&rsquo;\u00e9sot\u00e9risme.<\/p>\n\n\n\n<p style=\"padding-left:50px\"><em><strong>[Pascal DHUICQ, le 22-10-97]<\/strong><\/em><\/p>\n\n\n\n<figure class=\"wp-block-image aligncenter size-full\"><a href=\"https:\/\/www.ac-am.fr\/wp-content\/uploads\/2015\/10\/separat.gif\"><img loading=\"lazy\" decoding=\"async\" width=\"376\" height=\"43\" src=\"https:\/\/www.ac-am.fr\/wp-content\/uploads\/2015\/10\/separat.gif\" alt=\"S\u00e9parateur marron\" class=\"wp-image-904\"\/><\/a><\/figure>\n\n\n\n<h3 class=\"wp-block-heading\" style=\"padding-left:50px\">Nouvelles visites&#8230;<\/h3>\n\n\n\n<p style=\"padding-left:50px\"><img decoding=\"async\" src=\"https:\/\/www.ac-am.fr\/wp-content\/uploads\/2015\/09\/ball01.gif\" alt=\"\"> Je suis venue visiter votre site comme je le fais \u00e0 chaque fois que j&rsquo;en ai l&rsquo;occasion&#8230; Bravo, il est toujours plus int\u00e9ressant!<p>\n\n\n\n<p style=\"padding-left:50px\"><em><strong>[Gislyne I. le 24-11-97]<\/strong><\/em><\/p>\n\n\n\n<figure class=\"wp-block-image aligncenter size-full\"><a href=\"https:\/\/www.ac-am.fr\/wp-content\/uploads\/2015\/10\/separat.gif\"><img loading=\"lazy\" decoding=\"async\" width=\"376\" height=\"43\" src=\"https:\/\/www.ac-am.fr\/wp-content\/uploads\/2015\/10\/separat.gif\" alt=\"S\u00e9parateur marron\" class=\"wp-image-904\"\/><\/a><\/figure>\n\n\n\n<h3 class=\"wp-block-heading\" style=\"padding-left:50px\">F\u00e9licitation pour votre site !<\/h3>\n\n\n\n<p style=\"padding-left:50px\"><img decoding=\"async\" src=\"https:\/\/www.ac-am.fr\/wp-content\/uploads\/2015\/09\/ball01.gif\" alt=\"\"> Je trouve que des sites de votre genre est une chose qui manque \u00e0 Internet. Salutations.<p>\n\n\n\n<p style=\"padding-left:50px\"><em><strong>[Bruno T. le 06-01-98]<\/strong><\/em><\/p>\n\n\n\n<figure class=\"wp-block-image aligncenter size-full\"><a href=\"https:\/\/www.ac-am.fr\/wp-content\/uploads\/2015\/10\/separat.gif\"><img loading=\"lazy\" decoding=\"async\" width=\"376\" height=\"43\" src=\"https:\/\/www.ac-am.fr\/wp-content\/uploads\/2015\/10\/separat.gif\" alt=\"S\u00e9parateur marron\" class=\"wp-image-904\"\/><\/a><\/figure>\n\n\n\n<h3 class=\"wp-block-heading\" style=\"padding-left:50px\">Bis !<\/h3>\n\n\n\n<p style=\"padding-left:50px\"><img decoding=\"async\" src=\"https:\/\/www.ac-am.fr\/wp-content\/uploads\/2015\/09\/ball01.gif\" alt=\"\"> Votre site est vraiment tr\u00e8s beau, un vrai plaisir, on se laisse transport\u00e9.<p>\n\n\n\n<p style=\"padding-left:50px\"><em><strong>[Claudine D. le 17-03-98]<\/strong><\/em><\/p>\n\n\n\n<figure class=\"wp-block-image aligncenter size-full\"><a href=\"https:\/\/www.ac-am.fr\/wp-content\/uploads\/2015\/10\/separat.gif\"><img loading=\"lazy\" decoding=\"async\" width=\"376\" height=\"43\" src=\"https:\/\/www.ac-am.fr\/wp-content\/uploads\/2015\/10\/separat.gif\" alt=\"S\u00e9parateur marron\" class=\"wp-image-904\"\/><\/a><\/figure>\n\n\n\n<h3 class=\"wp-block-heading\" style=\"padding-left:50px\">Sur votre site par hasard&#8230;<\/h3>\n\n\n\n<p style=\"padding-left:50px\"><img decoding=\"async\" src=\"https:\/\/www.ac-am.fr\/wp-content\/uploads\/2015\/09\/ball01.gif\" alt=\"\"> F\u00e9licitation pour votre site riche de par son contenu et son aspect.<p>\n\n\n\n<p style=\"padding-left:50px\"><em><strong>[Yann M. le 15-06-98]<\/strong><\/em><\/p>\n\n\n\n<figure class=\"wp-block-image aligncenter size-full\"><a href=\"https:\/\/www.ac-am.fr\/wp-content\/uploads\/2015\/10\/separat.gif\"><img loading=\"lazy\" decoding=\"async\" width=\"376\" height=\"43\" src=\"https:\/\/www.ac-am.fr\/wp-content\/uploads\/2015\/10\/separat.gif\" alt=\"S\u00e9parateur marron\" class=\"wp-image-904\"\/><\/a><\/figure>\n\n\n\n<h3 class=\"wp-block-heading\" style=\"padding-left:50px\">Images un peu lourdes !<\/h3>\n\n\n\n<p style=\"padding-left:50px\"><img decoding=\"async\" src=\"https:\/\/www.ac-am.fr\/wp-content\/uploads\/2015\/09\/ball01.gif\" alt=\"\"> Bonjour, pour commencer je tiens \u00e0 te dire que ton site est tout simplement excellent, tr\u00e8s bien con\u00e7u et des plus clair (m\u00eame si les images de fond sont parfois tr\u00e8s lourdes \u00e0 supporter mais bon&#8230;)<p>\n\n\n\n<p style=\"padding-left:50px\"><em><strong>[Julie B. le 25-08-98]<\/strong><\/em><\/p>\n\n\n\n<figure class=\"wp-block-image aligncenter size-full\"><a href=\"https:\/\/www.ac-am.fr\/wp-content\/uploads\/2015\/10\/separat.gif\"><img loading=\"lazy\" decoding=\"async\" width=\"376\" height=\"43\" src=\"https:\/\/www.ac-am.fr\/wp-content\/uploads\/2015\/10\/separat.gif\" alt=\"S\u00e9parateur marron\" class=\"wp-image-904\"\/><\/a><\/figure>\n\n\n\n<h3 class=\"wp-block-heading\" style=\"padding-left:50px\">Pas mal, mais&#8230;<\/h3>\n\n\n\n<p style=\"padding-left:50px\"><img decoding=\"async\" src=\"https:\/\/www.ac-am.fr\/wp-content\/uploads\/2015\/09\/ball01.gif\" alt=\"\"> Pas mal ton site mais il manque de quelques r\u00e9cits anciens et de plus de photos.<p>\n\n\n\n<p style=\"padding-left:50px\"><em><strong>[Iennar V. le 18-11-98]<\/strong><\/em><\/p>\n\n\n\n<figure class=\"wp-block-image aligncenter size-full\"><a href=\"https:\/\/www.ac-am.fr\/wp-content\/uploads\/2015\/10\/separat.gif\"><img loading=\"lazy\" decoding=\"async\" width=\"376\" height=\"43\" src=\"https:\/\/www.ac-am.fr\/wp-content\/uploads\/2015\/10\/separat.gif\" alt=\"S\u00e9parateur marron\" class=\"wp-image-904\"\/><\/a><\/figure>\n\n\n\n<h3 class=\"wp-block-heading\" style=\"padding-left:50px\">Interrogation !<\/h3>\n\n\n\n<p style=\"padding-left:50px\"><img decoding=\"async\" src=\"https:\/\/www.ac-am.fr\/wp-content\/uploads\/2015\/09\/ball01.gif\" alt=\"\"> F\u00e9licitation pour la qualit\u00e9 de vos \u00e9crits ainsi que pour la r\u00e9flexion propos\u00e9e. Je ne sais pas si \u00ab\u00a0le Web\u00a0\u00bb est le meilleur moyen de communication pour transmettre une certaine sagesse.<p>\n\n\n\n<p style=\"padding-left:50px\"><em><strong>[S\u00e9bastien P. le 24-11-98]<\/strong><\/em><\/p>\n\n\n\n<figure class=\"wp-block-image aligncenter size-full\"><a href=\"https:\/\/www.ac-am.fr\/wp-content\/uploads\/2015\/10\/separat.gif\"><img loading=\"lazy\" decoding=\"async\" width=\"376\" height=\"43\" src=\"https:\/\/www.ac-am.fr\/wp-content\/uploads\/2015\/10\/separat.gif\" alt=\"S\u00e9parateur marron\" class=\"wp-image-904\"\/><\/a><\/figure>\n\n\n\n<h3 class=\"wp-block-heading\" style=\"padding-left:50px\">Bravo Claude<\/h3>\n\n\n\n<p style=\"padding-left:50px\"><img decoding=\"async\" src=\"https:\/\/www.ac-am.fr\/wp-content\/uploads\/2015\/09\/ball01.gif\" alt=\"\"> Je suis d&rsquo;accord avec toi, tout est question de conscience et d&rsquo;unit\u00e9! Continue \u00e0 \u00e9crire de belles choses et moi je continuerai \u00e0 les lire&#8230; St-Michel de Bellechasse, quebec.<p>\n\n\n\n<p style=\"padding-left:50px\"><em><strong>[Guylaine T. le 27-01-99]<\/strong><\/em><\/p>\n\n\n\n<figure class=\"wp-block-image aligncenter size-full\"><a href=\"https:\/\/www.ac-am.fr\/wp-content\/uploads\/2015\/10\/separat.gif\"><img loading=\"lazy\" decoding=\"async\" width=\"376\" height=\"43\" src=\"https:\/\/www.ac-am.fr\/wp-content\/uploads\/2015\/10\/separat.gif\" alt=\"S\u00e9parateur marron\" class=\"wp-image-904\"\/><\/a><\/figure>\n\n\n\n<h3 class=\"wp-block-heading\" style=\"padding-left:50px\">Aga\u00e7ant ?<\/h3>\n\n\n\n<p style=\"padding-left:50px\"><img decoding=\"async\" src=\"https:\/\/www.ac-am.fr\/wp-content\/uploads\/2015\/09\/ball01.gif\" alt=\"\"> Je t&rsquo;\u00e9cris pour soulever un point quelque peu secondaire mais aga\u00e7ant \u00e0 la longue. Par son phras\u00e9 trop court, le fond musical sur la page d&rsquo;accueil (et autres) cr\u00e9e un mouvement r\u00e9p\u00e9titif agressant, \u00e0 mon point de vue. Je viens d&rsquo;arriver sur ton site. Il m&rsquo;int\u00e9resse. Dans les jours qui viennent, je vais prendre le temps de te lire.<p>\n\n\n\n<p style=\"padding-left:50px\"><em><strong>[Marcelle L. le 28-01-99]<\/strong><\/em><\/p>\n\n\n\n<figure class=\"wp-block-image aligncenter size-full\"><a href=\"https:\/\/www.ac-am.fr\/wp-content\/uploads\/2015\/10\/separat.gif\"><img loading=\"lazy\" decoding=\"async\" width=\"376\" height=\"43\" src=\"https:\/\/www.ac-am.fr\/wp-content\/uploads\/2015\/10\/separat.gif\" alt=\"S\u00e9parateur marron\" class=\"wp-image-904\"\/><\/a><\/figure>\n\n\n\n<h3 class=\"wp-block-heading\" style=\"padding-left:50px\">Conviction et preuves&#8230;<\/h3>\n\n\n\n<p style=\"padding-left:50px\"><img decoding=\"async\" src=\"https:\/\/www.ac-am.fr\/wp-content\/uploads\/2015\/09\/ball01.gif\" alt=\"\"> Je trouve votre site au niveau montage tr\u00e8s bien fait. J&rsquo;ai bien pris connaissance de vos textes. J&rsquo;aime le savoir, mais il y manque de conviction, preuves \u00e0 l&rsquo;appui, je trouve. Le montage de votre site est fait avec un tr\u00e8s bon professionnalisme. Je f\u00e9licite votre \u00ab\u00a0\u00e9quipe\u00a0\u00bb. Au revoir, \u00e0 la prochaine.<p>\n\n\n\n<p style=\"padding-left:50px\"><em><strong>[Florent C. le 02-02-99]<\/strong><\/em><\/p>\n\n\n\n<figure class=\"wp-block-image aligncenter size-full\"><a href=\"https:\/\/www.ac-am.fr\/wp-content\/uploads\/2015\/10\/separat.gif\"><img loading=\"lazy\" decoding=\"async\" width=\"376\" height=\"43\" src=\"https:\/\/www.ac-am.fr\/wp-content\/uploads\/2015\/10\/separat.gif\" alt=\"S\u00e9parateur marron\" class=\"wp-image-904\"\/><\/a><\/figure>\n\n\n\n<h3 class=\"wp-block-heading\" style=\"padding-left:50px\">Croyance ?<\/h3>\n\n\n\n<p style=\"padding-left:50px\"><img decoding=\"async\" src=\"https:\/\/www.ac-am.fr\/wp-content\/uploads\/2015\/09\/ball01.gif\" alt=\"\"> Excellente initiative que ce site, visiblement r\u00e9alis\u00e9 par quelqu&rsquo;un qui croit&#8230;<p>\n\n\n\n<p style=\"padding-left:50px\"><em><strong>[Vincent G. le 08-06-99]<\/strong><\/em><\/p>\n\n\n\n<figure class=\"wp-block-image aligncenter size-full\"><a href=\"https:\/\/www.ac-am.fr\/wp-content\/uploads\/2015\/10\/separat.gif\"><img loading=\"lazy\" decoding=\"async\" width=\"376\" height=\"43\" src=\"https:\/\/www.ac-am.fr\/wp-content\/uploads\/2015\/10\/separat.gif\" alt=\"S\u00e9parateur marron\" class=\"wp-image-904\"\/><\/a><\/figure>\n\n\n\n<h3 class=\"wp-block-heading\" style=\"padding-left:50px\">Compliments&#8230;<\/h3>\n\n\n\n<p style=\"padding-left:50px\"><img decoding=\"async\" src=\"https:\/\/www.ac-am.fr\/wp-content\/uploads\/2015\/09\/ball01.gif\" alt=\"\"> Je te f\u00e9licite pour ton tr\u00e8s beau site et pour sa richesse interne&#8230;<p>\n\n\n\n<p style=\"padding-left:50px\"><em><strong>[Solari H. le 27-08-99]<\/strong><\/em><\/p>\n\n\n\n<figure class=\"wp-block-image aligncenter size-full\"><a href=\"https:\/\/www.ac-am.fr\/wp-content\/uploads\/2015\/10\/separat.gif\"><img loading=\"lazy\" decoding=\"async\" width=\"376\" height=\"43\" src=\"https:\/\/www.ac-am.fr\/wp-content\/uploads\/2015\/10\/separat.gif\" alt=\"S\u00e9parateur marron\" class=\"wp-image-904\"\/><\/a><\/figure>\n\n\n\n<h3 class=\"wp-block-heading\" style=\"padding-left:50px\">Bonne nouvelle&#8230;<\/h3>\n\n\n\n<p style=\"padding-left:50px\"><img decoding=\"async\" src=\"https:\/\/www.ac-am.fr\/wp-content\/uploads\/2015\/09\/ball01.gif\" alt=\"\"> Votre site a \u00e9t\u00e9 r\u00e9f\u00e9renc\u00e9 dans les archives de la base de donn\u00e9es de la chronique \u00ab\u00a0l&rsquo;Internet selon G\u00e9rard St-Denis\u00a0\u00bb sur Plan\u00e8te Qu\u00e9bec (https:\/\/planete.qc.ca\/internet\/), rubrique : Sciences humaines et sociales &#8211; Philosophie.<p>\n\n\n\n<p style=\"padding-left:50px\"><em><strong>[G\u00e9rard St-Denis, le 14-09-99]<\/strong><\/em><\/p>\n\n\n\n<figure class=\"wp-block-image aligncenter size-full\"><a href=\"https:\/\/www.ac-am.fr\/wp-content\/uploads\/2015\/10\/separat.gif\"><img loading=\"lazy\" decoding=\"async\" width=\"376\" height=\"43\" src=\"https:\/\/www.ac-am.fr\/wp-content\/uploads\/2015\/10\/separat.gif\" alt=\"S\u00e9parateur marron\" class=\"wp-image-904\"\/><\/a><\/figure>\n\n\n\n<h3 class=\"wp-block-heading\" style=\"padding-left:50px\">Ta contribution&#8230;<\/h3>\n\n\n\n<p style=\"padding-left:50px\"><img decoding=\"async\" src=\"https:\/\/www.ac-am.fr\/wp-content\/uploads\/2015\/09\/ball01.gif\" alt=\"\"> En passant, j&rsquo;ai trouv\u00e9 beaucoup de documentations int\u00e9ressantes sur ton site. Je te souhaite bonne chance dans tes recherches et je t&rsquo;encourage \u00e0 continuer ta mission&#8230; Ta contribution est un phare pour bien des gens j&rsquo;en suis s\u00fbr.<p>\n\n\n\n<p style=\"padding-left:50px\"><em><strong>[Eric F. le 05-01-00]<\/strong><\/em><\/p>\n\n\n\n<figure class=\"wp-block-image aligncenter size-full\"><a href=\"https:\/\/www.ac-am.fr\/wp-content\/uploads\/2015\/10\/separat.gif\"><img loading=\"lazy\" decoding=\"async\" width=\"376\" height=\"43\" src=\"https:\/\/www.ac-am.fr\/wp-content\/uploads\/2015\/10\/separat.gif\" alt=\"S\u00e9parateur marron\" class=\"wp-image-904\"\/><\/a><\/figure>\n\n\n\n<h3 class=\"wp-block-heading\" style=\"padding-left:50px\">Un lien ?<\/h3>\n\n\n\n<p style=\"padding-left:50px\"><img decoding=\"async\" src=\"https:\/\/www.ac-am.fr\/wp-content\/uploads\/2015\/09\/ball01.gif\" alt=\"\"> Bonjour j&rsquo;ai regard\u00e9 votre site et je vous en f\u00e9licite. Je le trouve tr\u00e8s bien, j&rsquo;ai plac\u00e9 un lien sur mon propre site. Est-ce possible de plac\u00e9 un lien aussi vers mon site, merci \u00e0 l&rsquo;avance! www.para-psychologie.qc.ca.<p>\n\n\n\n<p style=\"padding-left:50px\"><em><strong>[Luc Desloges. le 31-03-00]<\/strong><\/em><\/p>\n\n\n\n<figure class=\"wp-block-image aligncenter size-full\"><a href=\"https:\/\/www.ac-am.fr\/wp-content\/uploads\/2015\/10\/separat.gif\"><img loading=\"lazy\" decoding=\"async\" width=\"376\" height=\"43\" src=\"https:\/\/www.ac-am.fr\/wp-content\/uploads\/2015\/10\/separat.gif\" alt=\"S\u00e9parateur marron\" class=\"wp-image-904\"\/><\/a><\/figure>\n\n\n\n<h3 class=\"wp-block-heading\" style=\"padding-left:50px\">Belle d\u00e9couverte&#8230;<\/h3>\n\n\n\n<p style=\"padding-left:50px\"><img decoding=\"async\" src=\"https:\/\/www.ac-am.fr\/wp-content\/uploads\/2015\/09\/ball01.gif\" alt=\"\"> Belle d\u00e9couverte que ce site. Je serai au rendez-vous souvent!<p>\n\n\n\n<p style=\"padding-left:50px\"><em><strong>[Daniel P. le 07-06-00]<\/strong><\/em><\/p>\n\n\n\n<figure class=\"wp-block-image aligncenter size-full\"><a href=\"https:\/\/www.ac-am.fr\/wp-content\/uploads\/2015\/10\/separat.gif\"><img loading=\"lazy\" decoding=\"async\" width=\"376\" height=\"43\" src=\"https:\/\/www.ac-am.fr\/wp-content\/uploads\/2015\/10\/separat.gif\" alt=\"S\u00e9parateur marron\" class=\"wp-image-904\"\/><\/a><\/figure>\n\n\n\n<h3 class=\"wp-block-heading\" style=\"padding-left:50px\">Un travail utile.<\/h3>\n\n\n\n<p style=\"padding-left:50px\"><img decoding=\"async\" src=\"https:\/\/www.ac-am.fr\/wp-content\/uploads\/2015\/09\/ball01.gif\" alt=\"\"> Votre site est merveilleux, merci beaucoup pour ce travail efficace et utile.<p>\n\n\n\n<p style=\"padding-left:50px\"><em><strong>[Badreddine. le 19-08-00]<\/strong><\/em><\/p>\n\n\n\n<figure class=\"wp-block-image aligncenter size-full\"><a href=\"https:\/\/www.ac-am.fr\/wp-content\/uploads\/2015\/10\/separat.gif\"><img loading=\"lazy\" decoding=\"async\" width=\"376\" height=\"43\" src=\"https:\/\/www.ac-am.fr\/wp-content\/uploads\/2015\/10\/separat.gif\" alt=\"S\u00e9parateur marron\" class=\"wp-image-904\"\/><\/a><\/figure>\n\n\n\n<h3 class=\"wp-block-heading\" style=\"padding-left:50px\">Initiative&#8230;<\/h3>\n\n\n\n<p style=\"padding-left:50px\"><img decoding=\"async\" src=\"https:\/\/www.ac-am.fr\/wp-content\/uploads\/2015\/09\/ball01.gif\" alt=\"\"> Merci pour votre initiative, il est temps que ces prises de conscience se r\u00e9alisent et j&rsquo;en suis heureuse, car ma travers\u00e9e du d\u00e9sert se termine, enfin&#8230;<p>\n\n\n\n<p style=\"padding-left:50px\"><em><strong>[Marie-Joe A.F. le 18-12-00]<\/strong><\/em><\/p>\n\n\n\n<figure class=\"wp-block-image aligncenter size-full\"><a href=\"https:\/\/www.ac-am.fr\/wp-content\/uploads\/2015\/10\/separat.gif\"><img loading=\"lazy\" decoding=\"async\" width=\"376\" height=\"43\" src=\"https:\/\/www.ac-am.fr\/wp-content\/uploads\/2015\/10\/separat.gif\" alt=\"S\u00e9parateur marron\" class=\"wp-image-904\"\/><\/a><\/figure>\n\n\n\n<h3 class=\"wp-block-heading\" style=\"padding-left:50px\">F\u00e9licitation&#8230;<\/h3>\n\n\n\n<p style=\"padding-left:50px\"><img decoding=\"async\" src=\"https:\/\/www.ac-am.fr\/wp-content\/uploads\/2015\/09\/ball01.gif\" alt=\"\"> F\u00e9licitation pour votre site. Au plaisir&#8230;<p>\n\n\n\n<p style=\"padding-left:50px\"><em><strong>[Michel. le 05-04-01]<\/strong><\/em><\/p>\n\n\n\n\n<figure class=\"wp-block-image aligncenter size-full\"><a href=\"https:\/\/www.ac-am.fr\/wp-content\/uploads\/2015\/10\/separat.gif\"><img loading=\"lazy\" decoding=\"async\" width=\"376\" height=\"43\" src=\"https:\/\/www.ac-am.fr\/wp-content\/uploads\/2015\/10\/separat.gif\" alt=\"S\u00e9parateur marron\" class=\"wp-image-904\"\/><\/a><\/figure>\n\n\n\n<h3 class=\"wp-block-heading\" style=\"padding-left:50px\">Visite&#8230;<\/h3>\n\n\n\n<p style=\"padding-left:50px\"><img decoding=\"async\" src=\"https:\/\/www.ac-am.fr\/wp-content\/uploads\/2015\/09\/ball01.gif\" alt=\"\"> Je vais visiter votre page parce que je trouve qu&rsquo;elle donne beaucoup d&rsquo;\u00e9nergie positive et aussi la possibilit\u00e9 \u00e0 chacun de s&rsquo;exprimer, recevoir et comparer ses sens ou son exp\u00e9rience, apprendre et donner un avis ou un conseil.<p>\n\n\n\n<p style=\"padding-left:50px\"><em><strong>[Mariya K. le 01-08-01]<\/strong><\/em><\/p>\n\n\n\n<figure class=\"wp-block-image aligncenter size-full\"><a href=\"https:\/\/www.ac-am.fr\/wp-content\/uploads\/2015\/10\/separat.gif\"><img loading=\"lazy\" decoding=\"async\" width=\"376\" height=\"43\" src=\"https:\/\/www.ac-am.fr\/wp-content\/uploads\/2015\/10\/separat.gif\" alt=\"S\u00e9parateur marron\" class=\"wp-image-904\"\/><\/a><\/figure>\n\n\n\n<h3 class=\"wp-block-heading\" style=\"padding-left:50px\">Bonjour Claude,<\/h3>\n\n\n\n<p style=\"padding-left:50px\"><img decoding=\"async\" src=\"https:\/\/www.ac-am.fr\/wp-content\/uploads\/2015\/09\/ball01.gif\" alt=\"\"> En furetant parmi les nombreuses inscriptions chez Plan\u00e8te Qu\u00e9bec, voil\u00e0 que je d\u00e9couvre cette petite merveille. J&rsquo;y ai vite fait un survol et l&rsquo;ai plac\u00e9 dans mes favoris pour visite approfondie et retour p\u00e9riodique.<p>\n\n\n\n<p style=\"padding-left:50px\"><em><strong>[Francine V. le 18-09-01]<\/strong><\/em><\/p>\n\n\n\n<figure class=\"wp-block-image aligncenter size-full\"><a href=\"https:\/\/www.ac-am.fr\/wp-content\/uploads\/2015\/10\/separat.gif\"><img loading=\"lazy\" decoding=\"async\" width=\"376\" height=\"43\" src=\"https:\/\/www.ac-am.fr\/wp-content\/uploads\/2015\/10\/separat.gif\" alt=\"S\u00e9parateur marron\" class=\"wp-image-904\"\/><\/a><\/figure>\n\n\n\n<h3 class=\"wp-block-heading\" style=\"padding-left:50px\">Un homme heureux&#8230;<\/h3>\n\n\n\n<p style=\"padding-left:50px\"><img decoding=\"async\" src=\"https:\/\/www.ac-am.fr\/wp-content\/uploads\/2015\/09\/ball01.gif\" alt=\"\"> Je te remercie pour le site sur la conscience, tr\u00e9s heureux, moi je sais aujourd&rsquo;hui qui je suis et je me laisse aller \u00e0 la vie sans attente, je vis et j&rsquo;\u00e9coute, c&rsquo;est \u00e7a, et je suis heureux. Merci \u00e0 toi.<p>\n\n\n\n<p style=\"padding-left:50px\"><em><strong>[Jean S. le 15-02-02]<\/strong><\/em><\/p>\n\n\n\n<figure class=\"wp-block-image aligncenter size-full\"><a href=\"https:\/\/www.ac-am.fr\/wp-content\/uploads\/2015\/10\/separat.gif\"><img loading=\"lazy\" decoding=\"async\" width=\"376\" height=\"43\" src=\"https:\/\/www.ac-am.fr\/wp-content\/uploads\/2015\/10\/separat.gif\" alt=\"S\u00e9parateur marron\" class=\"wp-image-904\"\/><\/a><\/figure>\n\n\n\n<h3 class=\"wp-block-heading\" style=\"padding-left:50px\">Inspir\u00e9&#8230;<\/h3>\n\n\n\n<p style=\"padding-left:50px\"><img decoding=\"async\" src=\"https:\/\/www.ac-am.fr\/wp-content\/uploads\/2015\/09\/ball01.gif\" alt=\"\"> Je t&rsquo;encourage et te f\u00e9licite pour le travail que tu accomplis avec ton site Autre Conscience, Autre Monde. Tu as \u00e9t\u00e9 bien inspir\u00e9 de le rendre interactif, en demandant la participation des internautes; afin qu&rsquo;ils \u00e9clairent des sujets essentiels de leurs points de vue.<p>\n\n\n\n<p style=\"padding-left:50px\"><em><strong>[Jos\u00e9. le 20-06-02]<\/strong><\/em><\/p>\n\n\n\n<figure class=\"wp-block-image aligncenter size-full\"><a href=\"https:\/\/www.ac-am.fr\/wp-content\/uploads\/2015\/10\/separat.gif\"><img loading=\"lazy\" decoding=\"async\" width=\"376\" height=\"43\" src=\"https:\/\/www.ac-am.fr\/wp-content\/uploads\/2015\/10\/separat.gif\" alt=\"S\u00e9parateur marron\" class=\"wp-image-904\"\/><\/a><\/figure>\n\n\n\n<h3 class=\"wp-block-heading\" style=\"padding-left:50px\">Le coeur triste.<\/h3>\n\n\n\n<p style=\"padding-left:50px\"><img decoding=\"async\" src=\"https:\/\/www.ac-am.fr\/wp-content\/uploads\/2015\/09\/ball01.gif\" alt=\"\"> J&rsquo;appr\u00e9cie votre site qui r\u00e9colte des pens\u00e9es de tous horizons et mon coeur s&rsquo;attriste quand je vois comment nous sommes si \u00e9parpill\u00e9s dans nos recherches. Cela ressemblerait plut\u00f4t \u00e0 \u00ab\u00a0Autres Consciences, Autres Mondes\u00a0\u00bb.<p>\n\n\n\n<p style=\"padding-left:50px\"><em><strong>[Claude J. le 15-10-02]<\/strong><\/em><\/p>\n\n\n\n<figure class=\"wp-block-image aligncenter size-full\"><a href=\"https:\/\/www.ac-am.fr\/wp-content\/uploads\/2015\/10\/separat.gif\"><img loading=\"lazy\" decoding=\"async\" width=\"376\" height=\"43\" src=\"https:\/\/www.ac-am.fr\/wp-content\/uploads\/2015\/10\/separat.gif\" alt=\"S\u00e9parateur marron\" class=\"wp-image-904\"\/><\/a><\/figure>\n\n\n\n<h3 class=\"wp-block-heading\" style=\"padding-left:50px\">D\u00e9couverte.<\/h3>\n\n\n\n<p style=\"padding-left:50px\"><img decoding=\"async\" src=\"https:\/\/www.ac-am.fr\/wp-content\/uploads\/2015\/09\/ball01.gif\" alt=\"\"> Votre site est tr\u00e8s bien, pour ceux qui cherchent et ceux qui s&rsquo;interrogent, je suis heureuse de l&rsquo;avoir d\u00e9couvert m\u00eame si je suis le chemin depuis longtemps, mais peu importe car il faut toujours avancer&#8230; f\u00e9licitations !<\/p>\n\n\n\n<p style=\"padding-left:50px\"><em><strong>[Nelly D. le 20-11-03]<\/strong><\/em><\/p>\n\n\n\n<figure class=\"wp-block-image aligncenter size-full\"><a href=\"https:\/\/www.ac-am.fr\/wp-content\/uploads\/2015\/10\/separat.gif\"><img loading=\"lazy\" decoding=\"async\" width=\"376\" height=\"43\" src=\"https:\/\/www.ac-am.fr\/wp-content\/uploads\/2015\/10\/separat.gif\" alt=\"S\u00e9parateur marron\" class=\"wp-image-904\"\/><\/a><\/figure>\n\n\n\n<h3 class=\"wp-block-heading\" style=\"padding-left:50px\">Pas assez de jours&#8230;<\/h3>\n\n\n\n<p style=\"padding-left:50px\"><img decoding=\"async\" src=\"https:\/\/www.ac-am.fr\/wp-content\/uploads\/2015\/09\/ball01.gif\" alt=\"\"> Je suis all\u00e9e sur votre site \u00ab\u00a0Autre conscience du monde\u00a0\u00bb. Je suis frapp\u00e9e par la v\u00e9racit\u00e9 des arguments que vous avancez et je suis tout \u00e0 fait d&rsquo;accord. Vous avez fait l\u00e0 un travail immense et je n&rsquo;aurais pas assez des jours qui me restent pour tout lire. N\u00e9anmoins, je ne manquerais pas d&rsquo;aller y faire un tour de temps en temps car c&rsquo;est tr\u00e8s int\u00e9ressant. Toutes les catastrophes qui se passent actuellement dans le monde ne font que renforcer les propos que vous d\u00e9veloppez sur votre site. \nBravo pour votre travail gigantesque qui, je le suppose, est loin d&rsquo;\u00eatre achev\u00e9&#8230;<\/p>\n\n\n\n<p style=\"padding-left:50px\"><em><strong>[Marie M. le 02-05-10]<\/strong><\/em><\/p>\n\n\n\n<figure class=\"wp-block-image aligncenter size-full\"><a href=\"https:\/\/www.ac-am.fr\/wp-content\/uploads\/2015\/10\/separat.gif\"><img loading=\"lazy\" decoding=\"async\" width=\"376\" height=\"43\" src=\"https:\/\/www.ac-am.fr\/wp-content\/uploads\/2015\/10\/separat.gif\" alt=\"S\u00e9parateur marron\" class=\"wp-image-904\"\/><\/a><\/figure>\n\n\n\n<h3 class=\"wp-block-heading\" style=\"padding-left:50px\">\u00c9mission sp\u00e9ciale !<\/h3>\n\n\n\n<p style=\"padding-left:50px\"><img decoding=\"async\" src=\"https:\/\/www.ac-am.fr\/wp-content\/uploads\/2015\/09\/ball01.gif\" alt=\"\"> \u00c9mission sp\u00e9ciale d\u00e9bat et libre antenne de ce vendredi 25 novembre sur le th\u00e8me : \u00ab la magie des pharaons \u00bb<br>Ce vendredi soir de 21h \u00e0 23h Alina, Mandala et Claude Acam en live sur radio Arcadie ! !<\/p>\n\n\n\n<p style=\"padding-left:50px\"><em><strong>[Radio Arcadie. le 22-11-16]<\/strong><\/em><\/p>\n\n\n\n<figure class=\"wp-block-image aligncenter size-full\"><a href=\"https:\/\/www.ac-am.fr\/wp-content\/uploads\/2015\/10\/separat.gif\"><img loading=\"lazy\" decoding=\"async\" width=\"376\" height=\"43\" src=\"https:\/\/www.ac-am.fr\/wp-content\/uploads\/2015\/10\/separat.gif\" alt=\"S\u00e9parateur marron\" class=\"wp-image-904\"\/><\/a><\/figure>\n\n\n\n<h3 class=\"wp-block-heading\" style=\"padding-left:50px\">Surprise !!!<\/h3>\n\n\n\n<p style=\"padding-left:50px\"><img decoding=\"async\" src=\"https:\/\/www.ac-am.fr\/wp-content\/uploads\/2015\/09\/ball01.gif\" alt=\"\"> Surprise !!! \u00e9galement je suis surpris de votre r\u00e9ponse car personne de ces ann\u00e9es n&rsquo;a pris contact avec moi dans tous les sens que j&rsquo;ai essay\u00e9 !\nPour une activit\u00e9 en r\u00e9seau je suis nul par comp\u00e9tence ou manque de moyen ou s\u00e9curit\u00e9 familiale; peu de mes proches comprennent mon mode de communication ; ce qui a \u00e9t\u00e9 pos\u00e9 sur ACAM (2002 d\u00e9but de Keke Teuira- 2005 pause par d\u00e9ception des humains Moyen-orient\/US\/France\/Polyn\u00e9sie\/r\u00e9forme dans la vie du travail\/retraite scandaleuse &#8230;2012 retraite r\u00e9elle, surfs sur le net avec prudence car les fran\u00e7ais deviennent fous&#8230; &#8230;.Keke Teuira a maintenant 20 ans).<br \/>Je t&rsquo;envoie une pi\u00e8ce jointe, soit prudent pour ton site, le sage en soutane avec une lampe en haut d&rsquo;une montagne (n&rsquo;est pas Lucifer mais un Serviteur) \u00e9claire les peuples vers la lib\u00e9ration des vivants &#8230; je t&rsquo;\u00e9crirai probablement, je vais surveill\u00e9 ma boite et ton site pour voir quelle r\u00e9action et tu vas devoir choisir!\nAmicalement<\/p>\n\n\n\n<p style=\"padding-left:50px\"><em><strong>[Keke Teuira. le 24-09-21]<\/strong><\/em><\/p>\n\n\n\n<figure class=\"wp-block-image aligncenter\"><img decoding=\"async\" src=\"https:\/\/www.ac-am.fr\/wp-content\/uploads\/2015\/09\/barrebis.jpg\" alt=\"Double barre argent\u00e9e\"\/><\/figure>\n\n\n<\/div><div style=\"padding-bottom:20px; padding-top:10px;\" class=\"hupso-share-buttons\"><!-- Hupso Share Buttons - https:\/\/www.hupso.com\/share\/ --><a class=\"hupso_toolbar\" href=\"https:\/\/www.hupso.com\/share\/\"><img decoding=\"async\" src=\"https:\/\/static.hupso.com\/share\/buttons\/lang\/fr\/share.png\" style=\"border:0px; padding-top: 5px; float:left;\" alt=\"Share Button\"\/><\/a><script type=\"text\/javascript\">var hupso_services_t=new Array(\"Twitter\",\"Facebook\",\"Google Plus\");var hupso_background_t=\"#EAF4FF\";var hupso_border_t=\"#66CCFF\";var hupso_toolbar_size_t=\"big\";var hupso_image_folder_url = \"\";var hupso_url_t=\"\";var hupso_title_t=\"TEMOIGNAGES\";<\/script><script type=\"text\/javascript\" src=\"https:\/\/static.hupso.com\/share\/js\/share_toolbar.js\"><\/script><!-- Hupso Share Buttons --><\/div>","protected":false},"excerpt":{"rendered":"<p>&#8211; R\u00e9flexion sur le Web Ce site est une modeste invitation \u00e0 parcourir ensemble le&#8230;<\/p>\n","protected":false},"author":1,"featured_media":0,"parent":0,"menu_order":0,"comment_status":"closed","ping_status":"closed","template":"","meta":{"footnotes":""},"class_list":["post-129","page","type-page","status-publish","hentry"],"yoast_head":"<!-- This site is optimized with the Yoast SEO plugin v26.9 - https:\/\/yoast.com\/product\/yoast-seo-wordpress\/ -->\n<title>TEMOIGNAGES - Autre Conscience, Autre Monde<\/title>\n<meta name=\"description\" content=\"Salut! Ce site a beaucoup de potentiel, ne l\u00e2che pas. Mon commentaire est \u00e0 propos des articles, \u00e7a me parait tr\u00e8s int\u00e9ressant. Merci !\" \/>\n<meta name=\"robots\" content=\"index, follow, max-snippet:-1, max-image-preview:large, max-video-preview:-1\" \/>\n<link rel=\"canonical\" href=\"https:\/\/www.ac-am.fr\/index.php\/temoignages\/\" \/>\n<meta property=\"og:locale\" content=\"fr_FR\" \/>\n<meta property=\"og:type\" content=\"article\" \/>\n<meta property=\"og:title\" content=\"TEMOIGNAGES - Autre Conscience, Autre Monde\" \/>\n<meta property=\"og:description\" content=\"Salut! Ce site a beaucoup de potentiel, ne l\u00e2che pas. Mon commentaire est \u00e0 propos des articles, \u00e7a me parait tr\u00e8s int\u00e9ressant. Merci !\" \/>\n<meta property=\"og:url\" content=\"https:\/\/www.ac-am.fr\/index.php\/temoignages\/\" \/>\n<meta property=\"og:site_name\" content=\"Autre Conscience, Autre Monde\" \/>\n<meta property=\"article:publisher\" content=\"https:\/\/fr-fr.facebook.com\/claude.acam\/\" \/>\n<meta property=\"article:modified_time\" content=\"2026-01-22T18:38:10+00:00\" \/>\n<meta property=\"og:image\" content=\"https:\/\/www.ac-am.fr\/wp-content\/uploads\/2015\/09\/titre01.gif\" \/>\n\t<meta property=\"og:image:width\" content=\"506\" \/>\n\t<meta property=\"og:image:height\" content=\"106\" \/>\n\t<meta property=\"og:image:type\" content=\"image\/gif\" \/>\n<meta name=\"twitter:card\" content=\"summary_large_image\" \/>\n<meta name=\"twitter:label1\" content=\"Dur\u00e9e de lecture estim\u00e9e\" \/>\n\t<meta name=\"twitter:data1\" content=\"31 minutes\" \/>\n<script type=\"application\/ld+json\" class=\"yoast-schema-graph\">{\"@context\":\"https:\/\/schema.org\",\"@graph\":[{\"@type\":\"WebPage\",\"@id\":\"https:\/\/www.ac-am.fr\/index.php\/temoignages\/\",\"url\":\"https:\/\/www.ac-am.fr\/index.php\/temoignages\/\",\"name\":\"TEMOIGNAGES - Autre Conscience, Autre Monde\",\"isPartOf\":{\"@id\":\"https:\/\/www.ac-am.fr\/#website\"},\"primaryImageOfPage\":{\"@id\":\"https:\/\/www.ac-am.fr\/index.php\/temoignages\/#primaryimage\"},\"image\":{\"@id\":\"https:\/\/www.ac-am.fr\/index.php\/temoignages\/#primaryimage\"},\"thumbnailUrl\":\"https:\/\/www.ac-am.fr\/wp-content\/uploads\/2015\/09\/titre01.gif\",\"datePublished\":\"2015-09-18T15:52:07+00:00\",\"dateModified\":\"2026-01-22T18:38:10+00:00\",\"description\":\"Salut! Ce site a beaucoup de potentiel, ne l\u00e2che pas. Mon commentaire est \u00e0 propos des articles, \u00e7a me parait tr\u00e8s int\u00e9ressant. Merci !\",\"breadcrumb\":{\"@id\":\"https:\/\/www.ac-am.fr\/index.php\/temoignages\/#breadcrumb\"},\"inLanguage\":\"fr-FR\",\"potentialAction\":[{\"@type\":\"ReadAction\",\"target\":[\"https:\/\/www.ac-am.fr\/index.php\/temoignages\/\"]}]},{\"@type\":\"ImageObject\",\"inLanguage\":\"fr-FR\",\"@id\":\"https:\/\/www.ac-am.fr\/index.php\/temoignages\/#primaryimage\",\"url\":\"https:\/\/www.ac-am.fr\/wp-content\/uploads\/2015\/09\/titre01.gif\",\"contentUrl\":\"https:\/\/www.ac-am.fr\/wp-content\/uploads\/2015\/09\/titre01.gif\",\"width\":506,\"height\":106,\"caption\":\"Titre Autre Conscience, Autre Monde\"},{\"@type\":\"BreadcrumbList\",\"@id\":\"https:\/\/www.ac-am.fr\/index.php\/temoignages\/#breadcrumb\",\"itemListElement\":[{\"@type\":\"ListItem\",\"position\":1,\"name\":\"Accueil\",\"item\":\"https:\/\/www.ac-am.fr\/\"},{\"@type\":\"ListItem\",\"position\":2,\"name\":\"TEMOIGNAGES\"}]},{\"@type\":\"WebSite\",\"@id\":\"https:\/\/www.ac-am.fr\/#website\",\"url\":\"https:\/\/www.ac-am.fr\/\",\"name\":\"Autre Conscience, Autre Monde\",\"description\":\"\",\"publisher\":{\"@id\":\"https:\/\/www.ac-am.fr\/#organization\"},\"potentialAction\":[{\"@type\":\"SearchAction\",\"target\":{\"@type\":\"EntryPoint\",\"urlTemplate\":\"https:\/\/www.ac-am.fr\/?s={search_term_string}\"},\"query-input\":{\"@type\":\"PropertyValueSpecification\",\"valueRequired\":true,\"valueName\":\"search_term_string\"}}],\"inLanguage\":\"fr-FR\"},{\"@type\":\"Organization\",\"@id\":\"https:\/\/www.ac-am.fr\/#organization\",\"name\":\"Autre Conscience, Autre Monde\",\"url\":\"https:\/\/www.ac-am.fr\/\",\"logo\":{\"@type\":\"ImageObject\",\"inLanguage\":\"fr-FR\",\"@id\":\"https:\/\/www.ac-am.fr\/#\/schema\/logo\/image\/\",\"url\":\"https:\/\/www.ac-am.fr\/wp-content\/uploads\/2015\/10\/bd_ac_am.gif\",\"contentUrl\":\"https:\/\/www.ac-am.fr\/wp-content\/uploads\/2015\/10\/bd_ac_am.gif\",\"width\":370,\"height\":65,\"caption\":\"Autre Conscience, Autre Monde\"},\"image\":{\"@id\":\"https:\/\/www.ac-am.fr\/#\/schema\/logo\/image\/\"},\"sameAs\":[\"https:\/\/fr-fr.facebook.com\/claude.acam\/\",\"https:\/\/www.youtube.com\/user\/consciencemonde\"]}]}<\/script>\n<!-- \/ Yoast SEO plugin. -->","yoast_head_json":{"title":"TEMOIGNAGES - Autre Conscience, Autre Monde","description":"Salut! Ce site a beaucoup de potentiel, ne l\u00e2che pas. Mon commentaire est \u00e0 propos des articles, \u00e7a me parait tr\u00e8s int\u00e9ressant. Merci !","robots":{"index":"index","follow":"follow","max-snippet":"max-snippet:-1","max-image-preview":"max-image-preview:large","max-video-preview":"max-video-preview:-1"},"canonical":"https:\/\/www.ac-am.fr\/index.php\/temoignages\/","og_locale":"fr_FR","og_type":"article","og_title":"TEMOIGNAGES - Autre Conscience, Autre Monde","og_description":"Salut! Ce site a beaucoup de potentiel, ne l\u00e2che pas. Mon commentaire est \u00e0 propos des articles, \u00e7a me parait tr\u00e8s int\u00e9ressant. Merci !","og_url":"https:\/\/www.ac-am.fr\/index.php\/temoignages\/","og_site_name":"Autre Conscience, Autre Monde","article_publisher":"https:\/\/fr-fr.facebook.com\/claude.acam\/","article_modified_time":"2026-01-22T18:38:10+00:00","og_image":[{"width":506,"height":106,"url":"https:\/\/www.ac-am.fr\/wp-content\/uploads\/2015\/09\/titre01.gif","type":"image\/gif"}],"twitter_card":"summary_large_image","twitter_misc":{"Dur\u00e9e de lecture estim\u00e9e":"31 minutes"},"schema":{"@context":"https:\/\/schema.org","@graph":[{"@type":"WebPage","@id":"https:\/\/www.ac-am.fr\/index.php\/temoignages\/","url":"https:\/\/www.ac-am.fr\/index.php\/temoignages\/","name":"TEMOIGNAGES - Autre Conscience, Autre Monde","isPartOf":{"@id":"https:\/\/www.ac-am.fr\/#website"},"primaryImageOfPage":{"@id":"https:\/\/www.ac-am.fr\/index.php\/temoignages\/#primaryimage"},"image":{"@id":"https:\/\/www.ac-am.fr\/index.php\/temoignages\/#primaryimage"},"thumbnailUrl":"https:\/\/www.ac-am.fr\/wp-content\/uploads\/2015\/09\/titre01.gif","datePublished":"2015-09-18T15:52:07+00:00","dateModified":"2026-01-22T18:38:10+00:00","description":"Salut! Ce site a beaucoup de potentiel, ne l\u00e2che pas. Mon commentaire est \u00e0 propos des articles, \u00e7a me parait tr\u00e8s int\u00e9ressant. Merci !","breadcrumb":{"@id":"https:\/\/www.ac-am.fr\/index.php\/temoignages\/#breadcrumb"},"inLanguage":"fr-FR","potentialAction":[{"@type":"ReadAction","target":["https:\/\/www.ac-am.fr\/index.php\/temoignages\/"]}]},{"@type":"ImageObject","inLanguage":"fr-FR","@id":"https:\/\/www.ac-am.fr\/index.php\/temoignages\/#primaryimage","url":"https:\/\/www.ac-am.fr\/wp-content\/uploads\/2015\/09\/titre01.gif","contentUrl":"https:\/\/www.ac-am.fr\/wp-content\/uploads\/2015\/09\/titre01.gif","width":506,"height":106,"caption":"Titre Autre Conscience, Autre Monde"},{"@type":"BreadcrumbList","@id":"https:\/\/www.ac-am.fr\/index.php\/temoignages\/#breadcrumb","itemListElement":[{"@type":"ListItem","position":1,"name":"Accueil","item":"https:\/\/www.ac-am.fr\/"},{"@type":"ListItem","position":2,"name":"TEMOIGNAGES"}]},{"@type":"WebSite","@id":"https:\/\/www.ac-am.fr\/#website","url":"https:\/\/www.ac-am.fr\/","name":"Autre Conscience, Autre Monde","description":"","publisher":{"@id":"https:\/\/www.ac-am.fr\/#organization"},"potentialAction":[{"@type":"SearchAction","target":{"@type":"EntryPoint","urlTemplate":"https:\/\/www.ac-am.fr\/?s={search_term_string}"},"query-input":{"@type":"PropertyValueSpecification","valueRequired":true,"valueName":"search_term_string"}}],"inLanguage":"fr-FR"},{"@type":"Organization","@id":"https:\/\/www.ac-am.fr\/#organization","name":"Autre Conscience, Autre Monde","url":"https:\/\/www.ac-am.fr\/","logo":{"@type":"ImageObject","inLanguage":"fr-FR","@id":"https:\/\/www.ac-am.fr\/#\/schema\/logo\/image\/","url":"https:\/\/www.ac-am.fr\/wp-content\/uploads\/2015\/10\/bd_ac_am.gif","contentUrl":"https:\/\/www.ac-am.fr\/wp-content\/uploads\/2015\/10\/bd_ac_am.gif","width":370,"height":65,"caption":"Autre Conscience, Autre Monde"},"image":{"@id":"https:\/\/www.ac-am.fr\/#\/schema\/logo\/image\/"},"sameAs":["https:\/\/fr-fr.facebook.com\/claude.acam\/","https:\/\/www.youtube.com\/user\/consciencemonde"]}]}},"_links":{"self":[{"href":"https:\/\/www.ac-am.fr\/index.php\/wp-json\/wp\/v2\/pages\/129","targetHints":{"allow":["GET"]}}],"collection":[{"href":"https:\/\/www.ac-am.fr\/index.php\/wp-json\/wp\/v2\/pages"}],"about":[{"href":"https:\/\/www.ac-am.fr\/index.php\/wp-json\/wp\/v2\/types\/page"}],"author":[{"embeddable":true,"href":"https:\/\/www.ac-am.fr\/index.php\/wp-json\/wp\/v2\/users\/1"}],"replies":[{"embeddable":true,"href":"https:\/\/www.ac-am.fr\/index.php\/wp-json\/wp\/v2\/comments?post=129"}],"version-history":[{"count":43,"href":"https:\/\/www.ac-am.fr\/index.php\/wp-json\/wp\/v2\/pages\/129\/revisions"}],"predecessor-version":[{"id":5285,"href":"https:\/\/www.ac-am.fr\/index.php\/wp-json\/wp\/v2\/pages\/129\/revisions\/5285"}],"wp:attachment":[{"href":"https:\/\/www.ac-am.fr\/index.php\/wp-json\/wp\/v2\/media?parent=129"}],"curies":[{"name":"wp","href":"https:\/\/api.w.org\/{rel}","templated":true}]}}