{"id":1386,"date":"2015-11-01T20:02:54","date_gmt":"2015-11-01T19:02:54","guid":{"rendered":"https:\/\/www.ac-am.fr\/?page_id=1386"},"modified":"2025-07-28T17:27:04","modified_gmt":"2025-07-28T16:27:04","slug":"les-inclassables","status":"publish","type":"page","link":"https:\/\/www.ac-am.fr\/index.php\/les-inclassables\/","title":{"rendered":"Les Inclassables [3 ouvrages]"},"content":{"rendered":"<div style=\"background-image: url('\/wp-content\/uploads\/2025\/07\/bois3.gif'); background-attachment: fixed; border: 2px solid #000000; border-radius: 20px; opacity: 0.90;\">\n\n\n<div class=\"wp-block-group is-content-justification-center is-nowrap is-layout-flex wp-container-core-group-is-layout-23441af8 wp-block-group-is-layout-flex\">\n<figure class=\"wp-block-image size-full\"><a href=\"https:\/\/www.ac-am.fr\/wp-content\/uploads\/2015\/09\/maj1.gif\"><img decoding=\"async\" src=\"https:\/\/www.ac-am.fr\/wp-content\/uploads\/2015\/09\/lectrice.gif\" alt=\"maj accueil\" class=\"wp-image-140\"\/><\/a><\/figure>\n\n\n\n<figure class=\"wp-block-image size-full\"><a href=\"https:\/\/www.ac-am.fr\/wp-content\/uploads\/2015\/09\/symbole2.gif\"><img decoding=\"async\" src=\"https:\/\/www.ac-am.fr\/wp-content\/uploads\/2015\/09\/tit_bib.gif\" alt=\"symbole homme femme cr\u00e9ation extraterrestre\" class=\"wp-image-176\"\/><\/a><\/figure>\n\n\n\n<figure class=\"wp-block-image size-full\"><a href=\"https:\/\/www.ac-am.fr\/wp-content\/uploads\/2015\/09\/symbole2.gif\"><img decoding=\"async\" src=\"https:\/\/www.ac-am.fr\/wp-content\/uploads\/2015\/09\/lecteur.gif\" alt=\"symbole homme femme cr\u00e9ation extraterrestre\" class=\"wp-image-176\"\/><\/a><\/figure>\n<\/div>\n\n\n\n<figure class=\"wp-block-image aligncenter is-resized\"><img decoding=\"async\" src=\"https:\/\/www.ac-am.fr\/wp-content\/uploads\/2015\/09\/barrebis.jpg\" alt=\"Double barre argent\u00e9e\" style=\"width:550px\"\/><\/figure>\n\n\n\n<figure class=\"wp-block-image aligncenter\"><img decoding=\"async\" src=\"https:\/\/www.ac-am.fr\/wp-content\/uploads\/2015\/09\/buste01.jpg\" alt=\"Buste\"\/><\/figure>\n\n\n\n<figure class=\"wp-block-image aligncenter size-full\"><a href=\"https:\/\/www.ac-am.fr\/wp-content\/uploads\/2015\/10\/tit_bib3.gif\"><img decoding=\"async\" src=\"https:\/\/www.ac-am.fr\/wp-content\/uploads\/2015\/11\/tit_bib0.gif\" alt=\"Titre biblioth\u00e8que sur la vie extraterrestre\" class=\"wp-image-1376\"\/><\/a><\/figure>\n\n\n\n<figure class=\"wp-block-image aligncenter\"><img decoding=\"async\" src=\"https:\/\/www.ac-am.fr\/wp-content\/uploads\/2015\/09\/barrebis.jpg\" alt=\"Double barre argent\u00e9e\"\/><\/figure>\n\n\n\n<div class=\"wp-block-group is-nowrap is-layout-flex wp-container-core-group-is-layout-6c531013 wp-block-group-is-layout-flex\">\n<figure class=\"wp-block-image size-full\"><a href=\"https:\/\/www.ac-am.fr\/wp-content\/uploads\/2015\/11\/inclas01.jpg\"><img loading=\"lazy\" decoding=\"async\" width=\"74\" height=\"58\" src=\"https:\/\/www.ac-am.fr\/wp-content\/uploads\/2015\/11\/inclas01.jpg\" alt=\"Ic\u00f4ne les inclassables\" class=\"wp-image-1389\"\/><\/a><\/figure>\n\n\n\n<h2 class=\"wp-block-heading\"><a name=\"Saint_Andre\"><\/a>ARCHIVES DES ANGES<\/h2>\n<\/div>\n\n\n\n<p><a href=\"#Auteurs\">Alix de Saint Andr\u00e9<\/a><\/p>\n\n\n\n<p>Des livres sur les Anges, vous en avez certainement d\u00e9j\u00e0 vus beaucoup. T\u00e9moignages, horoscopes, impr\u00e9cations\u2026<\/p>\n\n\n\n<p>Des couturiers c\u00e9l\u00e8bres en ont aussi \u00e9crits. Envol\u00e9s des livres, ils fleurissent m\u00eame sur les tee-shirts, les canap\u00e9s, les sapins de No\u00ebl. Mais qui sont vraiment les anges, d&rsquo;o\u00f9 viennent-ils, \u00e0 quoi et \u00e0 qui servent-ils ?<\/p>\n\n\n\n<p>Dans <em>Archives des Anges<\/em>, Alix de Saint-Andr\u00e9 m\u00e8ne aujourd&rsquo;hui l&rsquo;enqu\u00eate, du <em>Talmud<\/em> au <em>Coran<\/em>, de la <em>Bible<\/em> \u00e0 Saint Thomas d&rsquo;Aquin. Minutieusement, elle a recueilli des informations sur leur profession, leur fonction, leur alimentation, leur look vestimentaire, leurs mensurations exactes, leur langage, leur organisation. Pour \u00e9tablir l&rsquo;arbre g\u00e9n\u00e9alogique et raconter la v\u00e9ritable histoire de ceux qui furent les premiers extraterrestres connus, aucun d\u00e9tail n&rsquo;a \u00e9chapp\u00e9 \u00e0 sa traque.<\/p>\n\n\n\n<p>D&rsquo;une lecture savoureuse et facile, souvent dr\u00f4le, bourr\u00e9 d&rsquo;informations s\u00e9rieuses et de r\u00e9v\u00e9lations, cet ouvrage repose sur une documentation rigoureuse et solide.<\/p>\n\n\n\n<p>\u00c9dition : NiL \u00e9ditions &#8211; 1998<br>\u00c9dition : France Loisirs &#8211; 1999<\/p>\n\n\n\n<figure class=\"wp-block-image aligncenter size-full\"><a href=\"https:\/\/www.ac-am.fr\/wp-content\/uploads\/2015\/10\/separat.gif\"><img loading=\"lazy\" decoding=\"async\" width=\"376\" height=\"43\" src=\"https:\/\/www.ac-am.fr\/wp-content\/uploads\/2015\/10\/separat.gif\" alt=\"S\u00e9parateur marron\" class=\"wp-image-904\"\/><\/a><\/figure>\n\n\n\n<div class=\"wp-block-group is-nowrap is-layout-flex wp-container-core-group-is-layout-6c531013 wp-block-group-is-layout-flex\">\n<figure class=\"wp-block-image size-full\"><a href=\"https:\/\/www.ac-am.fr\/wp-content\/uploads\/2015\/11\/inclas01.jpg\"><img loading=\"lazy\" decoding=\"async\" width=\"74\" height=\"58\" src=\"https:\/\/www.ac-am.fr\/wp-content\/uploads\/2015\/11\/inclas01.jpg\" alt=\"Ic\u00f4ne les inclassables\" class=\"wp-image-1389\"\/><\/a><\/figure>\n\n\n\n<h2 class=\"wp-block-heading\"><a name=\"Brune\"><\/a>LES MIRACLES<br><em>et autres prodiges<\/em><\/h2>\n<\/div>\n\n\n\n<p><a href=\"#Auteurs\">P\u00e8re Fran\u00e7ois Brune<\/a><\/p>\n\n\n\n<p>\u00c0 notre \u00e9poque rationaliste et technocratique, l&rsquo;id\u00e9e m\u00eame du miracle d\u00e9range. Et pourtant, des faits extraordinaires continuent \u00e0 \u00eatre observ\u00e9s, nombreux et inexplicables par le science d&rsquo;aujourd&rsquo;hui. Une science qui a repouss\u00e9 le merveilleux hors de notre raison sans pour autant p\u00e9n\u00e9trer le myst\u00e8re du monde. En ce sens, la notion de miracle ne saurait relever d&rsquo;un concept scientifique. Personne ne conna\u00eet la totalit\u00e9 des lois naturelles et personne ne sait si, par les possibilit\u00e9s de celle-ci, une force toute-puissante ne peut intervenir tout naturellement.<\/p>\n\n\n\n<p>Fran\u00e7ois Brune montre \u00e9galement que les miracles ne se limitent pas \u00e0 des gu\u00e9risons consid\u00e9r\u00e9es comme m\u00e9dicalement impossibles. D&rsquo;autres ph\u00e9nom\u00e8nes miraculeux existent, aussi troublants et significatifs. Ce livre \u00e9largit la notion du miracle, met en \u00e9vidence qu&rsquo;entre le visible et l&rsquo;invisible, il n&rsquo;y a pas de fronti\u00e8re. Dans le monde qu&rsquo;il nous faut d\u00e9couvrir, Dieu est pr\u00e9sent et peut r\u00e9pondre \u00e0 notre appel. Les miracles sont proches de nous, en nous.<\/p>\n\n\n\n<p>\u00ab\u00a0Les miracles ne se limitent pas \u00e0 des gu\u00e9risons inexpliqu\u00e9es. Il existe d&rsquo;autres ph\u00e9nom\u00e8nes miraculeux plus troublants, plus significatifs sans doute. Ce livre, en les examinant, a voulu \u00e9largir la notion de miracle, montrer qu&rsquo;entre le visible et l&rsquo;invisible, il n&rsquo;y a pas de fronti\u00e8re. Notre existence est balis\u00e9e par des signes plus ou moins apparents pour nous indiquer le chemin. \u00c0 nous d&rsquo;\u00eatre vigilants, \u00e0 en saisir le sens et \u00e0 les suivre pour acc\u00e9der \u00e0 la lumi\u00e8re.\u00a0\u00bb<\/p>\n\n\n\n<p>\u00c9dition : NiL \u00e9ditions &#8211; 2000<br>\u00c9dition : France Loisirs &#8211; 2000<\/p>\n\n\n\n<figure class=\"wp-block-image aligncenter size-full\"><a href=\"https:\/\/www.ac-am.fr\/wp-content\/uploads\/2015\/10\/separat.gif\"><img loading=\"lazy\" decoding=\"async\" width=\"376\" height=\"43\" src=\"https:\/\/www.ac-am.fr\/wp-content\/uploads\/2015\/10\/separat.gif\" alt=\"S\u00e9parateur marron\" class=\"wp-image-904\"\/><\/a><\/figure>\n\n\n\n<div class=\"wp-block-group is-nowrap is-layout-flex wp-container-core-group-is-layout-6c531013 wp-block-group-is-layout-flex\">\n<figure class=\"wp-block-image size-full\"><a href=\"https:\/\/www.ac-am.fr\/wp-content\/uploads\/2015\/11\/inclas01.jpg\"><img loading=\"lazy\" decoding=\"async\" width=\"74\" height=\"58\" src=\"https:\/\/www.ac-am.fr\/wp-content\/uploads\/2015\/11\/inclas01.jpg\" alt=\"Ic\u00f4ne les inclassables\" class=\"wp-image-1389\"\/><\/a><\/figure>\n\n\n\n<h2 class=\"wp-block-heading\"><a name=\"Petitcollin\"><\/a>JE PENSE TROP<br><em>Comment canaliser ce mental envahissant<\/em><\/h2>\n<\/div>\n\n\n\n<p><a href=\"#Auteurs\">Christel Petitcollin<\/a><\/p>\n\n\n\n<p>Qui pourrait penser qu&rsquo;\u00eatre intelligent puisse faire souffrir et rendre malheureux ? Pourtant, je re\u00e7ois souvent en consultation des gens qui se plaignent de trop penser. Ils disent que leur mental ne leur laisse aucun r\u00e9pit, m\u00eame la nuit. Ils en ont marre de ces doutes, de ces questions, de cette conscience aigu\u00eb des choses, de leurs sens trop d\u00e9velopp\u00e9s auxquels n&rsquo;\u00e9chappe aucun d\u00e9tail. Ils voudraient d\u00e9brancher leur esprit, mais ils souffrent surtout de se sentir diff\u00e9rents, incompris et bless\u00e9s par le monde d&rsquo;aujourd&rsquo;hui. Ils concluent souvent par : \u00ab\u00a0Je ne suis pas de cette plan\u00e8te !\u00a0\u00bb Ce livre propose des cours de m\u00e9canique et de pilotage de ces cerveaux sur-efficients.<\/p>\n\n\n\n<p>Christel Petitcollin est Conseil et Formatrice en communication et d\u00e9veloppement personnel, conf\u00e9renci\u00e8re et \u00e9crivain. Passionn\u00e9e de relations humaines, elle sait donner \u00e0 ses livres un ton simple, accessible et concret. Son pr\u00e9c\u00e9dent ouvrage <em>\u00c9chapper aux manipulateurs<\/em> a rencontr\u00e9 un vif succ\u00e8s aupr\u00e8s de ses lecteurs.<\/p>\n\n\n\n<p>\u00c9dition : Guy Tr\u00e9daniel \u00e9ditions &#8211; 2010<br>\u00c9dition : France Loisirs &#8211; 2017<br>IBSN : 978-2-298-09804-4<\/p>\n\n\n\n<figure class=\"wp-block-image aligncenter\"><img decoding=\"async\" src=\"https:\/\/www.ac-am.fr\/wp-content\/uploads\/2015\/09\/barrebis.jpg\" alt=\"Double barre argent\u00e9e\"\/><\/figure>\n\n\n<\/div><div style=\"padding-bottom:20px; padding-top:10px;\" class=\"hupso-share-buttons\"><!-- Hupso Share Buttons - https:\/\/www.hupso.com\/share\/ --><a class=\"hupso_toolbar\" href=\"https:\/\/www.hupso.com\/share\/\"><img decoding=\"async\" src=\"https:\/\/static.hupso.com\/share\/buttons\/lang\/fr\/share.png\" style=\"border:0px; padding-top: 5px; float:left;\" alt=\"Share Button\"\/><\/a><script type=\"text\/javascript\">var hupso_services_t=new Array(\"Twitter\",\"Facebook\",\"Google Plus\");var hupso_background_t=\"#EAF4FF\";var hupso_border_t=\"#66CCFF\";var hupso_toolbar_size_t=\"big\";var hupso_image_folder_url = \"\";var hupso_url_t=\"\";var hupso_title_t=\"Les%20Inclassables%20%5B3%20ouvrages%5D\";<\/script><script type=\"text\/javascript\" src=\"https:\/\/static.hupso.com\/share\/js\/share_toolbar.js\"><\/script><!-- Hupso Share Buttons --><\/div>","protected":false},"excerpt":{"rendered":"<p>ARCHIVES DES ANGES Alix de Saint Andr\u00e9 Des livres sur les Anges, vous en avez&#8230;<\/p>\n","protected":false},"author":1,"featured_media":0,"parent":0,"menu_order":0,"comment_status":"closed","ping_status":"closed","template":"","meta":{"footnotes":""},"class_list":["post-1386","page","type-page","status-publish","hentry"],"yoast_head":"<!-- This site is optimized with the Yoast SEO plugin v26.9 - https:\/\/yoast.com\/product\/yoast-seo-wordpress\/ -->\n<title>Les Inclassables [3 ouvrages] - Autre Conscience, Autre Monde<\/title>\n<meta name=\"description\" content=\"Christel Petitcollin est Conseil et Formatrice en communication et d\u00e9veloppement personnel, conf\u00e9renci\u00e8re et \u00e9crivain.\" \/>\n<meta name=\"robots\" content=\"index, follow, max-snippet:-1, max-image-preview:large, max-video-preview:-1\" \/>\n<link rel=\"canonical\" href=\"https:\/\/www.ac-am.fr\/index.php\/les-inclassables\/\" \/>\n<meta property=\"og:locale\" content=\"fr_FR\" \/>\n<meta property=\"og:type\" content=\"article\" \/>\n<meta property=\"og:title\" content=\"Les Inclassables [3 ouvrages] - Autre Conscience, Autre Monde\" \/>\n<meta property=\"og:description\" content=\"Christel Petitcollin est Conseil et Formatrice en communication et d\u00e9veloppement personnel, conf\u00e9renci\u00e8re et \u00e9crivain.\" \/>\n<meta property=\"og:url\" content=\"https:\/\/www.ac-am.fr\/index.php\/les-inclassables\/\" \/>\n<meta property=\"og:site_name\" content=\"Autre Conscience, Autre Monde\" \/>\n<meta property=\"article:publisher\" content=\"https:\/\/fr-fr.facebook.com\/claude.acam\/\" \/>\n<meta property=\"article:modified_time\" content=\"2025-07-28T16:27:04+00:00\" \/>\n<meta property=\"og:image\" content=\"https:\/\/www.ac-am.fr\/wp-content\/uploads\/2015\/09\/maj1.gif\" \/>\n\t<meta property=\"og:image:width\" content=\"107\" \/>\n\t<meta property=\"og:image:height\" content=\"65\" \/>\n\t<meta property=\"og:image:type\" content=\"image\/gif\" \/>\n<meta name=\"twitter:card\" content=\"summary_large_image\" \/>\n<meta name=\"twitter:label1\" content=\"Dur\u00e9e de lecture estim\u00e9e\" \/>\n\t<meta name=\"twitter:data1\" content=\"6 minutes\" \/>\n<script type=\"application\/ld+json\" class=\"yoast-schema-graph\">{\"@context\":\"https:\/\/schema.org\",\"@graph\":[{\"@type\":\"WebPage\",\"@id\":\"https:\/\/www.ac-am.fr\/index.php\/les-inclassables\/\",\"url\":\"https:\/\/www.ac-am.fr\/index.php\/les-inclassables\/\",\"name\":\"Les Inclassables [3 ouvrages] - Autre Conscience, Autre Monde\",\"isPartOf\":{\"@id\":\"https:\/\/www.ac-am.fr\/#website\"},\"primaryImageOfPage\":{\"@id\":\"https:\/\/www.ac-am.fr\/index.php\/les-inclassables\/#primaryimage\"},\"image\":{\"@id\":\"https:\/\/www.ac-am.fr\/index.php\/les-inclassables\/#primaryimage\"},\"thumbnailUrl\":\"https:\/\/www.ac-am.fr\/wp-content\/uploads\/2015\/09\/lectrice.gif\",\"datePublished\":\"2015-11-01T19:02:54+00:00\",\"dateModified\":\"2025-07-28T16:27:04+00:00\",\"description\":\"Christel Petitcollin est Conseil et Formatrice en communication et d\u00e9veloppement personnel, conf\u00e9renci\u00e8re et \u00e9crivain.\",\"breadcrumb\":{\"@id\":\"https:\/\/www.ac-am.fr\/index.php\/les-inclassables\/#breadcrumb\"},\"inLanguage\":\"fr-FR\",\"potentialAction\":[{\"@type\":\"ReadAction\",\"target\":[\"https:\/\/www.ac-am.fr\/index.php\/les-inclassables\/\"]}]},{\"@type\":\"ImageObject\",\"inLanguage\":\"fr-FR\",\"@id\":\"https:\/\/www.ac-am.fr\/index.php\/les-inclassables\/#primaryimage\",\"url\":\"https:\/\/www.ac-am.fr\/wp-content\/uploads\/2015\/09\/lectrice.gif\",\"contentUrl\":\"https:\/\/www.ac-am.fr\/wp-content\/uploads\/2015\/09\/lectrice.gif\",\"width\":50,\"height\":75},{\"@type\":\"BreadcrumbList\",\"@id\":\"https:\/\/www.ac-am.fr\/index.php\/les-inclassables\/#breadcrumb\",\"itemListElement\":[{\"@type\":\"ListItem\",\"position\":1,\"name\":\"Accueil\",\"item\":\"https:\/\/www.ac-am.fr\/\"},{\"@type\":\"ListItem\",\"position\":2,\"name\":\"Les Inclassables [3 ouvrages]\"}]},{\"@type\":\"WebSite\",\"@id\":\"https:\/\/www.ac-am.fr\/#website\",\"url\":\"https:\/\/www.ac-am.fr\/\",\"name\":\"Autre Conscience, Autre Monde\",\"description\":\"\",\"publisher\":{\"@id\":\"https:\/\/www.ac-am.fr\/#organization\"},\"potentialAction\":[{\"@type\":\"SearchAction\",\"target\":{\"@type\":\"EntryPoint\",\"urlTemplate\":\"https:\/\/www.ac-am.fr\/?s={search_term_string}\"},\"query-input\":{\"@type\":\"PropertyValueSpecification\",\"valueRequired\":true,\"valueName\":\"search_term_string\"}}],\"inLanguage\":\"fr-FR\"},{\"@type\":\"Organization\",\"@id\":\"https:\/\/www.ac-am.fr\/#organization\",\"name\":\"Autre Conscience, Autre Monde\",\"url\":\"https:\/\/www.ac-am.fr\/\",\"logo\":{\"@type\":\"ImageObject\",\"inLanguage\":\"fr-FR\",\"@id\":\"https:\/\/www.ac-am.fr\/#\/schema\/logo\/image\/\",\"url\":\"https:\/\/www.ac-am.fr\/wp-content\/uploads\/2015\/10\/bd_ac_am.gif\",\"contentUrl\":\"https:\/\/www.ac-am.fr\/wp-content\/uploads\/2015\/10\/bd_ac_am.gif\",\"width\":370,\"height\":65,\"caption\":\"Autre Conscience, Autre Monde\"},\"image\":{\"@id\":\"https:\/\/www.ac-am.fr\/#\/schema\/logo\/image\/\"},\"sameAs\":[\"https:\/\/fr-fr.facebook.com\/claude.acam\/\",\"https:\/\/www.youtube.com\/user\/consciencemonde\"]}]}<\/script>\n<!-- \/ Yoast SEO plugin. -->","yoast_head_json":{"title":"Les Inclassables [3 ouvrages] - Autre Conscience, Autre Monde","description":"Christel Petitcollin est Conseil et Formatrice en communication et d\u00e9veloppement personnel, conf\u00e9renci\u00e8re et \u00e9crivain.","robots":{"index":"index","follow":"follow","max-snippet":"max-snippet:-1","max-image-preview":"max-image-preview:large","max-video-preview":"max-video-preview:-1"},"canonical":"https:\/\/www.ac-am.fr\/index.php\/les-inclassables\/","og_locale":"fr_FR","og_type":"article","og_title":"Les Inclassables [3 ouvrages] - Autre Conscience, Autre Monde","og_description":"Christel Petitcollin est Conseil et Formatrice en communication et d\u00e9veloppement personnel, conf\u00e9renci\u00e8re et \u00e9crivain.","og_url":"https:\/\/www.ac-am.fr\/index.php\/les-inclassables\/","og_site_name":"Autre Conscience, Autre Monde","article_publisher":"https:\/\/fr-fr.facebook.com\/claude.acam\/","article_modified_time":"2025-07-28T16:27:04+00:00","og_image":[{"width":107,"height":65,"url":"https:\/\/www.ac-am.fr\/wp-content\/uploads\/2015\/09\/maj1.gif","type":"image\/gif"}],"twitter_card":"summary_large_image","twitter_misc":{"Dur\u00e9e de lecture estim\u00e9e":"6 minutes"},"schema":{"@context":"https:\/\/schema.org","@graph":[{"@type":"WebPage","@id":"https:\/\/www.ac-am.fr\/index.php\/les-inclassables\/","url":"https:\/\/www.ac-am.fr\/index.php\/les-inclassables\/","name":"Les Inclassables [3 ouvrages] - Autre Conscience, Autre Monde","isPartOf":{"@id":"https:\/\/www.ac-am.fr\/#website"},"primaryImageOfPage":{"@id":"https:\/\/www.ac-am.fr\/index.php\/les-inclassables\/#primaryimage"},"image":{"@id":"https:\/\/www.ac-am.fr\/index.php\/les-inclassables\/#primaryimage"},"thumbnailUrl":"https:\/\/www.ac-am.fr\/wp-content\/uploads\/2015\/09\/lectrice.gif","datePublished":"2015-11-01T19:02:54+00:00","dateModified":"2025-07-28T16:27:04+00:00","description":"Christel Petitcollin est Conseil et Formatrice en communication et d\u00e9veloppement personnel, conf\u00e9renci\u00e8re et \u00e9crivain.","breadcrumb":{"@id":"https:\/\/www.ac-am.fr\/index.php\/les-inclassables\/#breadcrumb"},"inLanguage":"fr-FR","potentialAction":[{"@type":"ReadAction","target":["https:\/\/www.ac-am.fr\/index.php\/les-inclassables\/"]}]},{"@type":"ImageObject","inLanguage":"fr-FR","@id":"https:\/\/www.ac-am.fr\/index.php\/les-inclassables\/#primaryimage","url":"https:\/\/www.ac-am.fr\/wp-content\/uploads\/2015\/09\/lectrice.gif","contentUrl":"https:\/\/www.ac-am.fr\/wp-content\/uploads\/2015\/09\/lectrice.gif","width":50,"height":75},{"@type":"BreadcrumbList","@id":"https:\/\/www.ac-am.fr\/index.php\/les-inclassables\/#breadcrumb","itemListElement":[{"@type":"ListItem","position":1,"name":"Accueil","item":"https:\/\/www.ac-am.fr\/"},{"@type":"ListItem","position":2,"name":"Les Inclassables [3 ouvrages]"}]},{"@type":"WebSite","@id":"https:\/\/www.ac-am.fr\/#website","url":"https:\/\/www.ac-am.fr\/","name":"Autre Conscience, Autre Monde","description":"","publisher":{"@id":"https:\/\/www.ac-am.fr\/#organization"},"potentialAction":[{"@type":"SearchAction","target":{"@type":"EntryPoint","urlTemplate":"https:\/\/www.ac-am.fr\/?s={search_term_string}"},"query-input":{"@type":"PropertyValueSpecification","valueRequired":true,"valueName":"search_term_string"}}],"inLanguage":"fr-FR"},{"@type":"Organization","@id":"https:\/\/www.ac-am.fr\/#organization","name":"Autre Conscience, Autre Monde","url":"https:\/\/www.ac-am.fr\/","logo":{"@type":"ImageObject","inLanguage":"fr-FR","@id":"https:\/\/www.ac-am.fr\/#\/schema\/logo\/image\/","url":"https:\/\/www.ac-am.fr\/wp-content\/uploads\/2015\/10\/bd_ac_am.gif","contentUrl":"https:\/\/www.ac-am.fr\/wp-content\/uploads\/2015\/10\/bd_ac_am.gif","width":370,"height":65,"caption":"Autre Conscience, Autre Monde"},"image":{"@id":"https:\/\/www.ac-am.fr\/#\/schema\/logo\/image\/"},"sameAs":["https:\/\/fr-fr.facebook.com\/claude.acam\/","https:\/\/www.youtube.com\/user\/consciencemonde"]}]}},"_links":{"self":[{"href":"https:\/\/www.ac-am.fr\/index.php\/wp-json\/wp\/v2\/pages\/1386","targetHints":{"allow":["GET"]}}],"collection":[{"href":"https:\/\/www.ac-am.fr\/index.php\/wp-json\/wp\/v2\/pages"}],"about":[{"href":"https:\/\/www.ac-am.fr\/index.php\/wp-json\/wp\/v2\/types\/page"}],"author":[{"embeddable":true,"href":"https:\/\/www.ac-am.fr\/index.php\/wp-json\/wp\/v2\/users\/1"}],"replies":[{"embeddable":true,"href":"https:\/\/www.ac-am.fr\/index.php\/wp-json\/wp\/v2\/comments?post=1386"}],"version-history":[{"count":6,"href":"https:\/\/www.ac-am.fr\/index.php\/wp-json\/wp\/v2\/pages\/1386\/revisions"}],"predecessor-version":[{"id":4893,"href":"https:\/\/www.ac-am.fr\/index.php\/wp-json\/wp\/v2\/pages\/1386\/revisions\/4893"}],"wp:attachment":[{"href":"https:\/\/www.ac-am.fr\/index.php\/wp-json\/wp\/v2\/media?parent=1386"}],"curies":[{"name":"wp","href":"https:\/\/api.w.org\/{rel}","templated":true}]}}